{"id":45,"date":"2022-11-01T19:03:20","date_gmt":"2022-11-01T18:03:20","guid":{"rendered":"https:\/\/d.r3.wbsprt.com\/srpskbely.cz\/?page_id=45"},"modified":"2024-11-20T22:16:07","modified_gmt":"2024-11-20T21:16:07","slug":"projekty","status":"publish","type":"page","link":"https:\/\/www.srpskbely.cz\/?page_id=45","title":{"rendered":"Projekty"},"content":{"rendered":"\n<p>Projekty vznikaj\u00ed z iniciativy \u010dlen\u016f SRP\u0160 na z\u00e1klad\u011b domluvy se z\u00e1stupci \u0161koly. Ka\u017ed\u00fd projekt m\u00e1 sv\u00e9ho koordin\u00e1tora, kter\u00fd \u00fazce spolupracuje se z\u00e1stupci \u0161koly a d\u011btmi na realizaci. <\/p>\n\n\n\n<p>Ned\u00edlnou sou\u010d\u00e1st\u00ed pr\u00e1ce SRP\u0160 je administrace p\u00e1rov\u00e9 v\u00fduky, kter\u00e1 prob\u00edh\u00e1 ve t\u0159\u00edd\u00e1ch s programem Za\u010d\u00edt spolu.<\/p>\n\n\n\n<p class=\"has-medium-font-size\"><strong>CO U\u017d PROB\u011aHLO A JAK<\/strong><\/p>\n\n\n\n<p class=\"has-vivid-red-color has-text-color\"><strong>GRAFICK\u00c1 J\u00cdDELNA &#8211; 14. 11 2024<\/strong> <\/p>\n\n\n\n<p>\u0160koln\u00ed j\u00eddelna se op\u011bt pro roce v r\u00e1mci projektu Kreativn\u00ed workshop prom\u011bnila v jeden velk\u00fd ateli\u00e9r pln\u00fd nat\u011b\u0161en\u00fdch d\u011bt\u00ed odhodlan\u00fdch proniknout do kouzla linorytu a such\u00e9 jehly. N\u00e1padit\u00e9 v\u00fdtvory se pod rukami mal\u00fdch i v\u011bt\u0161\u00edch v\u00fdtvarn\u00edk\u016f rodily za dohledu zku\u0161en\u00fdch profesion\u00e1l\u016f. <\/p>\n\n\n\n<p>Radosti, chuti experimentovat a rozz\u00e1\u0159en\u00fdch o\u010d\u00ed byla spousta a n\u00e1s t\u011b\u0161\u00ed, \u017ee m\u016f\u017eeme d\u011btem tyto z\u00e1\u017eitky p\u0159ipravovat! <\/p>\n\n\n\n<p>Nechte na sebe zap\u016fsobit tuto kreativitou nabitou atmosf\u00e9ru alespo\u0148 p\u0159es <strong><a href=\"https:\/\/eu.zonerama.com\/srpskbely\/Album\/12483250#check-duplicates\">FOTKY<\/a><\/strong>. A p\u0159\u00ed\u0161t\u011b se m\u016f\u017eete p\u0159idat!<\/p>\n\n\n\n<figure class=\"wp-block-image size-large is-resized\"><img decoding=\"async\" loading=\"lazy\" src=\"https:\/\/www.srpskbely.cz\/wp-content\/uploads\/2024\/11\/Graficka-jidelna-web-1024x473.jpg\" alt=\"\" class=\"wp-image-712\" width=\"552\" height=\"255\" srcset=\"https:\/\/www.srpskbely.cz\/wp-content\/uploads\/2024\/11\/Graficka-jidelna-web-1024x473.jpg 1024w, https:\/\/www.srpskbely.cz\/wp-content\/uploads\/2024\/11\/Graficka-jidelna-web-300x139.jpg 300w, https:\/\/www.srpskbely.cz\/wp-content\/uploads\/2024\/11\/Graficka-jidelna-web-768x355.jpg 768w, https:\/\/www.srpskbely.cz\/wp-content\/uploads\/2024\/11\/Graficka-jidelna-web-1536x710.jpg 1536w, https:\/\/www.srpskbely.cz\/wp-content\/uploads\/2024\/11\/Graficka-jidelna-web.jpg 1562w\" sizes=\"(max-width: 552px) 100vw, 552px\" \/><\/figure>\n\n\n\n<p class=\"has-vivid-red-color has-text-color\"><strong>DEN DESKOVEK<\/strong> &#8211; <strong>22.10. 2024<\/strong><\/p>\n\n\n\n<p>Den, nebo sp\u00ed\u0161e odpoledne, pln\u00e9 deskov\u00fdch her prob\u011bhlo za \u00fa\u010dasti d\u011bt\u00ed, rodi\u010d\u016f i u\u010ditel\u016f, co\u017e n\u00e1s velmi t\u011b\u0161\u00ed. A kdy\u017e jsme sly\u0161eli ty salvy sm\u00edchu u r\u016fzn\u00fdch stol\u016f, m\u016f\u017eeme \u0159\u00edct, \u017ee si akci v\u0161ichni n\u00e1ramn\u011b u\u017eili. <\/p>\n\n\n\n<p>Spole\u010dn\u011b jsme si zahr\u00e1li obl\u00edben\u00e9 deskovky a vyzkou\u0161eli si i nov\u00e9, kter\u00e9 n\u00e1s mohou doprov\u00e1zet na rodinn\u00fdch i t\u0159\u00eddn\u00edch akc\u00edch. Skv\u011bl\u00e1 inspirace a hlavn\u011b p\u0159\u00edjemn\u011b str\u00e1ven\u00e9 podzimn\u00ed odpoledne! P\u00e1r fotky z akce si prohl\u00e9dn\u011bte <a href=\"https:\/\/eu.zonerama.com\/srpskbely\/Album\/12333946#check-duplicates\">ZDE<\/a>.<\/p>\n\n\n\n<figure class=\"wp-block-image size-large is-resized\"><img decoding=\"async\" loading=\"lazy\" src=\"https:\/\/www.srpskbely.cz\/wp-content\/uploads\/2024\/10\/PHOTO-2024-10-23-19-13-51-1024x411.jpg\" alt=\"\" class=\"wp-image-692\" width=\"521\" height=\"209\" srcset=\"https:\/\/www.srpskbely.cz\/wp-content\/uploads\/2024\/10\/PHOTO-2024-10-23-19-13-51-1024x411.jpg 1024w, https:\/\/www.srpskbely.cz\/wp-content\/uploads\/2024\/10\/PHOTO-2024-10-23-19-13-51-300x120.jpg 300w, https:\/\/www.srpskbely.cz\/wp-content\/uploads\/2024\/10\/PHOTO-2024-10-23-19-13-51-768x308.jpg 768w, https:\/\/www.srpskbely.cz\/wp-content\/uploads\/2024\/10\/PHOTO-2024-10-23-19-13-51-1536x617.jpg 1536w, https:\/\/www.srpskbely.cz\/wp-content\/uploads\/2024\/10\/PHOTO-2024-10-23-19-13-51.jpg 1833w\" sizes=\"(max-width: 521px) 100vw, 521px\" \/><\/figure>\n\n\n\n<p class=\"has-vivid-red-color has-text-color\"><strong>RODI\u010cOVSK\u00c1 KAV\u00c1RNA \u2013 1. 10. v 18.00 na t\u00e9ma: AI NEJEN VE \u0160KOLSTV\u00cd<\/strong><\/p>\n\n\n\n<p>Tipy jak AI vyu\u017e\u00edt pro p\u0159\u00edpravu d\u011bt\u00ed do jednotliv\u00fdch p\u0159edm\u011bt\u016f, jak n\u00e1m pom\u016f\u017ee p\u0159i studiu jazyk\u016f, na co si d\u00e1t pozor a pro\u010d m\u016f\u017ee b\u00fdt um\u011bl\u00e1 inteligence dobr\u00fd pomocn\u00edk a ne hrozba n\u00e1m pov\u00eddal inovativn\u00ed u\u010ditel Tom\u00e1\u0161 Holubec. Tentokr\u00e1t se s v\u00e1mi pod\u011bl\u00edme p\u0159\u00edmo o celou prezentaci, sta\u010d\u00ed rozkliknout: <a href=\"https:\/\/www.srpskbely.cz\/wp-content\/uploads\/2024\/10\/RK_AI-nejen-pro-skolstvi-1.pdf\"><strong>ZDE<\/strong><\/a><\/p>\n\n\n\n<figure class=\"wp-block-image size-large is-resized\"><img decoding=\"async\" loading=\"lazy\" src=\"https:\/\/www.srpskbely.cz\/wp-content\/uploads\/2024\/10\/PPT-AI-1024x513.png\" alt=\"\" class=\"wp-image-682\" width=\"503\" height=\"252\" srcset=\"https:\/\/www.srpskbely.cz\/wp-content\/uploads\/2024\/10\/PPT-AI-1024x513.png 1024w, https:\/\/www.srpskbely.cz\/wp-content\/uploads\/2024\/10\/PPT-AI-300x150.png 300w, https:\/\/www.srpskbely.cz\/wp-content\/uploads\/2024\/10\/PPT-AI-768x385.png 768w, https:\/\/www.srpskbely.cz\/wp-content\/uploads\/2024\/10\/PPT-AI.png 1320w\" sizes=\"(max-width: 503px) 100vw, 503px\" \/><\/figure>\n\n\n\n<p class=\"has-vivid-red-color has-text-color\"><strong>LETN\u00cd BIATLON V CENTRALPARKU<\/strong> <strong>&#8211; 27. 6.<\/strong> <strong>2024<\/strong><\/p>\n\n\n\n<p>Unik\u00e1tn\u00ed biatlon v l\u00e9t\u011b v\u010detn\u011b st\u0159elby na c\u00edl a z\u00e1stupy fanou\u0161k\u016f podporuj\u00edc\u00edch \u010dervnov\u00e9 biatlonisty! Tento projekt obohatil z\u00e1vodem \u0161koln\u00ed sportovn\u00ed dny b\u011bhem dopoledne a odpoledne byla dr\u00e1ha se stanovi\u0161ti k dispozici pro v\u0161echny. Sportov\u00e1n\u00ed n\u00e1s bav\u00ed!<\/p>\n\n\n\n<figure class=\"wp-block-image size-full is-resized\"><img decoding=\"async\" loading=\"lazy\" src=\"https:\/\/www.srpskbely.cz\/wp-content\/uploads\/2024\/10\/Biatlon.jpg\" alt=\"\" class=\"wp-image-677\" width=\"323\" height=\"445\" srcset=\"https:\/\/www.srpskbely.cz\/wp-content\/uploads\/2024\/10\/Biatlon.jpg 614w, https:\/\/www.srpskbely.cz\/wp-content\/uploads\/2024\/10\/Biatlon-217x300.jpg 217w\" sizes=\"(max-width: 323px) 100vw, 323px\" \/><\/figure>\n\n\n\n<p class=\"has-vivid-red-color has-text-color\"><strong>ZAHRADN\u00cd SLAVNOST &#8211; 25. 6. 2024<\/strong><\/p>\n\n\n\n<p>I letos n\u00e1m p\u0159\u00e1lo po\u010das\u00ed a slavnost se prost\u011b povedla. \u00da\u010dastn\u00edci byli spokojen\u00ed, p\u0159\u00edjemn\u011b nalad\u011bn\u00ed a ne\u0161et\u0159ili \u00fasm\u011bvy, co\u017e je pro n\u00e1s nejv\u011bt\u0161\u00ed odm\u011bna. Emoce byly velik\u00e9 p\u0159edev\u0161\u00edm v z\u00e1v\u011bru slavnosti, kdy do\u0161lo na lou\u010den\u00ed se s dev\u00e1\u0165\u00e1ky. Slova nesta\u010d\u00ed, pod\u00edvejte se na fotografie z cel\u00e9ho pr\u016fb\u011bhu akce. <\/p>\n\n\n\n<figure class=\"wp-block-image size-large is-resized\"><img decoding=\"async\" loading=\"lazy\" src=\"https:\/\/www.srpskbely.cz\/wp-content\/uploads\/2024\/06\/544A5337-1024x683.jpg\" alt=\"\" class=\"wp-image-661\" width=\"484\" height=\"323\" srcset=\"https:\/\/www.srpskbely.cz\/wp-content\/uploads\/2024\/06\/544A5337-1024x683.jpg 1024w, https:\/\/www.srpskbely.cz\/wp-content\/uploads\/2024\/06\/544A5337-300x200.jpg 300w, https:\/\/www.srpskbely.cz\/wp-content\/uploads\/2024\/06\/544A5337-768x512.jpg 768w, https:\/\/www.srpskbely.cz\/wp-content\/uploads\/2024\/06\/544A5337-1536x1024.jpg 1536w, https:\/\/www.srpskbely.cz\/wp-content\/uploads\/2024\/06\/544A5337-2048x1365.jpg 2048w\" sizes=\"(max-width: 484px) 100vw, 484px\" \/><\/figure>\n\n\n\n<p>Ob\u011bma fotograf\u016fm velice d\u011bkujeme. <\/p>\n\n\n\n<p>Momentky a fotografie v\u0161ech t\u0159\u00edd od M. Marela najdete <a href=\"https:\/\/eu.zonerama.com\/srpskbely\/Album\/11683697#check-duplicates\">ZDE<\/a>.<\/p>\n\n\n\n<p>Momentky z cel\u00e9 akce od M. Petr\u00e1\u0148ov\u00e9 najdete <a href=\"https:\/\/eu.zonerama.com\/MartinaPe\/Album\/11667628\">ZDE<\/a>.<\/p>\n\n\n\n<p class=\"has-vivid-red-color has-text-color\"><strong>RODI\u010cOVSK\u00c1 KAV\u00c1RNA &#8211; 11. 6. v 18.00: Projekty na\u0161ich \u017e\u00e1k\u016f &#8211; Erasmus+ a P\u0159\u00edb\u011bhy na\u0161ich soused\u016f<\/strong><\/p>\n\n\n\n<p>Hosty t\u00e9to Kav\u00e1rny byly d\u011bti a provedly rodi\u010de sv\u00fdmi projekty, na kter\u00fdch pracovaly v r\u00e1mci Erasmu+ a P\u0159\u00edb\u011bh\u016f na\u0161ich soused\u016f. Pln\u00fd s\u00e1l pozorn\u011b naslouchal a pot\u00e9 se p\u0159\u00edtomn\u00ed i dotazovali na zaj\u00edmav\u00e9 momenty jak z p\u0159\u00edprav, tak samotn\u00e9ho pobytu v berl\u00ednsk\u00e9 \u0161kole. Fotky z besedy najdete <a href=\"https:\/\/eu.zonerama.com\/srpskbely\/Album\/11623296#check-duplicates\">ZDE<\/a>.<\/p>\n\n\n\n<figure class=\"wp-block-image size-large is-resized\"><img decoding=\"async\" loading=\"lazy\" src=\"https:\/\/www.srpskbely.cz\/wp-content\/uploads\/2024\/06\/39a22f1d-c4ec-465a-98a1-a8f57165120ab-1024x511.jpg\" alt=\"\" class=\"wp-image-650\" width=\"643\" height=\"321\" srcset=\"https:\/\/www.srpskbely.cz\/wp-content\/uploads\/2024\/06\/39a22f1d-c4ec-465a-98a1-a8f57165120ab-1024x511.jpg 1024w, https:\/\/www.srpskbely.cz\/wp-content\/uploads\/2024\/06\/39a22f1d-c4ec-465a-98a1-a8f57165120ab-300x150.jpg 300w, https:\/\/www.srpskbely.cz\/wp-content\/uploads\/2024\/06\/39a22f1d-c4ec-465a-98a1-a8f57165120ab-768x383.jpg 768w, https:\/\/www.srpskbely.cz\/wp-content\/uploads\/2024\/06\/39a22f1d-c4ec-465a-98a1-a8f57165120ab.jpg 1408w\" sizes=\"(max-width: 643px) 100vw, 643px\" \/><\/figure>\n\n\n\n<p class=\"has-vivid-red-color has-text-color\"><strong>KBELSK\u00dd PSAVEC<\/strong><\/p>\n\n\n\n<p>Velkou \u0161koln\u00ed sout\u011b\u017e plnou p\u0159\u00edb\u011bh\u016f, fantazie a d\u011btsk\u00e9 kreativity vyhl\u00e1sil ji\u017e pot\u0159et\u00ed \u0161koln\u00ed parlament a my jsme op\u011bt hrd\u00fdmi partnery. D\u00edla v\u0161ech kategori\u00ed pe\u010dliv\u011b pro\u010detla a ocenila porota, do kter\u00e9 jsme byli p\u0159izv\u00e1ni i my.<\/p>\n\n\n\n<p>Z\u00e1stupci rodi\u010d\u016f hodnotili dv\u011b kategorie, a to I. a III. Koukn\u011bte na let\u00e1k, kde najdete t\u00e9mata v\u0161ech kategori\u00ed, v\u010detn\u011b t\u00e9 pro dosp\u011bl\u00e1ky. <\/p>\n\n\n\n<p>V\u00fdherci byli slavnostn\u011b vyhl\u00e1\u0161en\u00ed na Zahradn\u00ed slavnosti 25. 6.<\/p>\n\n\n\n<figure class=\"wp-block-image size-full is-resized\"><img decoding=\"async\" loading=\"lazy\" src=\"https:\/\/www.srpskbely.cz\/wp-content\/uploads\/2024\/10\/Vystrizek_2024.jpg\" alt=\"\" class=\"wp-image-676\" width=\"327\" height=\"464\" srcset=\"https:\/\/www.srpskbely.cz\/wp-content\/uploads\/2024\/10\/Vystrizek_2024.jpg 646w, https:\/\/www.srpskbely.cz\/wp-content\/uploads\/2024\/10\/Vystrizek_2024-211x300.jpg 211w\" sizes=\"(max-width: 327px) 100vw, 327px\" \/><\/figure>\n\n\n\n<p class=\"has-vivid-red-color has-text-color\"><strong>RODI\u010cOVSK\u00c1 KAV\u00c1RNA &#8211; D\u011aTI BUDOUCNOSTI<\/strong><\/p>\n\n\n\n<p>Dal\u0161\u00ed setk\u00e1n\u00ed s inspirativn\u00edm hostem prob\u011bhlo ke konci kv\u011btna na t\u00e9ma D\u011bti budoucnosti, kde Vendula Peckov\u00e1, lektorka a autorka sebepozn\u00e1vac\u00edch her pomohla rodi\u010d\u016fm pootev\u0159\u00edt dve\u0159e do slo\u017eit\u00fdch osobnost\u00ed na\u0161ich d\u011bt\u00ed. <\/p>\n\n\n\n<p>T\u00e9ma p\u0159it\u00e1hlo op\u011bt velk\u00fd po\u010det rodi\u010d\u016f. Diskutovalo se jak o d\u011btech mlad\u0161\u00edch, prvostup\u0148ov\u00fdch, tak, a to p\u0159edev\u0161\u00edm, o d\u011btech, kter\u00e9 jsou p\u0159ed obdob\u00edm rozhodov\u00e1n\u00ed, kam na st\u0159edn\u00ed \u0161kolu. Mino jin\u00e9 lektorka zm\u00ed\u0148ovala r\u016fzn\u00e9 p\u0159\u00edstupy jak u d\u011bt\u00ed rozv\u00edjet \u201evnit\u0159n\u00edho laskavce\u201c a naopak utlumit v\u011b\u010dn\u00e9ho nahlodava\u010de \u201evnit\u0159n\u00edho kritika\u201c. <\/p>\n\n\n\n<p>A pro v\u0161echny, kte\u0159\u00ed nemohli p\u0159ij\u00edt osobn\u011b, m\u00e1me jednu praktickou vychyt\u00e1vku. Kdy\u017e v\u00e1m d\u00edt\u011b na v\u00e1\u0161 dotaz odpov\u00ed \u201enev\u00edm\u201c, nenechte se zasko\u010dit a polo\u017ete mu dal\u0161\u00ed ot\u00e1zku, nap\u0159\u00edklad: \u201eA kdybys v\u011bd\u011bl\/a?\u201c Uvid\u00edte, t\u0159eba budete mile p\u0159ekvapeni. Na fotky ze setk\u00e1n\u00ed se pod\u00edvejte <a href=\"https:\/\/eu.zonerama.com\/srpskbely\/Album\/11497869#check-duplicates\">ZDE<\/a>.<\/p>\n\n\n\n<figure class=\"wp-block-image size-full is-resized\"><img decoding=\"async\" loading=\"lazy\" src=\"https:\/\/www.srpskbely.cz\/wp-content\/uploads\/2024\/05\/RK_kveten2024-1.jpg\" alt=\"\" class=\"wp-image-631\" width=\"212\" height=\"275\" srcset=\"https:\/\/www.srpskbely.cz\/wp-content\/uploads\/2024\/05\/RK_kveten2024-1.jpg 524w, https:\/\/www.srpskbely.cz\/wp-content\/uploads\/2024\/05\/RK_kveten2024-1-231x300.jpg 231w\" sizes=\"(max-width: 212px) 100vw, 212px\" \/><\/figure>\n\n\n\n<p class=\"has-vivid-red-color has-text-color\"><strong>PROFES\u00cdM POD POKLI\u010cKU<\/strong><\/p>\n\n\n\n<p>\u017d\u00e1ky osm\u00fdch t\u0159\u00edd nav\u0161t\u00edvili dal\u0161\u00ed dva host\u00e9, \u010d\u00edm jsme projekt pro leto\u0161n\u00ed \u0161koln\u00ed rok uzav\u0159eli a bude pokra\u010dovat po letn\u00edch pr\u00e1zdnin\u00e1ch, kdy z\u00e1stupci r\u016fzn\u00fdch profes\u00ed p\u0159ijdou diskutovat u\u017e s nov\u00fdmi osm\u00e1ky.<\/p>\n\n\n\n<p>Prvn\u00edm hostem byla Jarmila Svobodov\u00e1, chemi\u010dka a techni\u010dka BOZP. V r\u00e1mci pov\u00edd\u00e1n\u00ed do\u0161lo i na oblast udr\u017een\u00ed si \u017eivotn\u00ed rovnov\u00e1hy p\u0159i vykon\u00e1v\u00e1n\u00ed profese a d\u016fle\u017eitost prohlubov\u00e1n\u00ed tzv. &#8222;soft skills&#8220; neboli m\u011bkk\u00fdch dovednost\u00ed. \u017d\u00e1ky tato \u010d\u00e1st velice zaujala a odkryla nov\u00fd pohled, kter\u00fd souvis\u00ed s povol\u00e1n\u00edm.<\/p>\n\n\n\n<p>Druh\u00fdm hostem byl Leo Dittmann, kter\u00fd se jako konzultant v\u011bnuje person\u00e1ln\u00edmu poradenstv\u00ed a v r\u00e1mci presti\u017en\u00edch s\u00edt\u00ed HR se pod\u00edl\u00ed na projektech v \u010cR i zahrani\u010d\u00ed. Pro d\u011bti to byla dal\u0161\u00ed nov\u00e1 oblast, do kter\u00e9 mohly d\u00edky setk\u00e1n\u00ed nahl\u00e9dnout v\u00edce podrobn\u011bji.<\/p>\n\n\n\n<p>Projekt bude pokra\u010dovat na podzim, kdy chyst\u00e1me hosty pro \u017e\u00e1ky budouc\u00edch osm\u00fdch t\u0159\u00edd. V\u00edce fotek z obou setk\u00e1n\u00ed najdete <a href=\"https:\/\/eu.zonerama.com\/srpskbely\/Album\/11375986#check-duplicates\">ZDE<\/a>.<\/p>\n\n\n\n<figure class=\"wp-block-image size-large is-resized\"><img decoding=\"async\" loading=\"lazy\" src=\"https:\/\/www.srpskbely.cz\/wp-content\/uploads\/2024\/04\/Svobodova_web-1024x879.jpg\" alt=\"\" class=\"wp-image-622\" width=\"368\" height=\"316\" srcset=\"https:\/\/www.srpskbely.cz\/wp-content\/uploads\/2024\/04\/Svobodova_web-1024x879.jpg 1024w, https:\/\/www.srpskbely.cz\/wp-content\/uploads\/2024\/04\/Svobodova_web-300x257.jpg 300w, https:\/\/www.srpskbely.cz\/wp-content\/uploads\/2024\/04\/Svobodova_web-768x659.jpg 768w, https:\/\/www.srpskbely.cz\/wp-content\/uploads\/2024\/04\/Svobodova_web.jpg 1143w\" sizes=\"(max-width: 368px) 100vw, 368px\" \/><\/figure>\n\n\n\n<p class=\"has-vivid-red-color has-text-color\"><strong>RODI\u010cOVSK\u00c1 KAV\u00c1RNA: PUBERTA D\u011aT\u00cd aneb v\u00fdzva pro rodi\u010de<\/strong><\/p>\n\n\n\n<p>S nesnadn\u00fdm obdob\u00edm puberty n\u00e1m p\u0159i\u0161la poradit d\u011btsk\u00e1 psycholo\u017eka Ilona \u0160pa\u0148helov\u00e1. Jde o velmi t\u011b\u017ek\u00e9 obdob\u00ed pro d\u011bt\u00ed, ale i pro rodi\u010de. I kdy\u017e se ti dosp\u011blej\u0161\u00ed sna\u017e\u00ed jak cht\u011bj\u00ed, stejn\u011b vznikaj\u00ed t\u0159ec\u00ed plochy. Jak je nejl\u00e9pe \u0159e\u0161it, jak naslouchat a vz\u00e1jemn\u011b si l\u00e9pe porozum\u011bt, jsme probrali na dal\u0161\u00ed Rodi\u010dovsk\u00e9 kav\u00e1rn\u011b, kter\u00e1 nesla n\u00e1zev Puberta d\u011bt\u00ed aneb v\u00fdzva pro rodi\u010de. <\/p>\n\n\n\n<p>Se\u0161lo se n\u00e1s opravdu hodn\u011b, mo\u017en\u00e1 i proto, \u017ee p\u0159edpuberta s projevy druh\u00e9ho vzdoru m\u016f\u017ee u d\u011bt\u00ed p\u0159ij\u00edt ne\u010dekan\u011b <a><\/a>brzy. Bylo p\u0159\u00ednosn\u00e9 vyslechnout si zku\u0161enosti a tipy jak si s d\u00edt\u011btem i v tomto vypjat\u00e9m obdob\u00ed udr\u017eet hezk\u00fd vztah.<\/p>\n\n\n\n<p>D\u011bkujeme, pan\u00ed doktorko, a budeme se t\u011b\u0161it na dal\u0161\u00ed setk\u00e1n\u00ed s V\u00e1mi. V\u00edce fotek ze setk\u00e1n\u00ed si prohl\u00e9dn\u011bte <a href=\"https:\/\/eu.zonerama.com\/srpskbely\/Album\/11339487#check-duplicates\">ZDE<\/a>.<\/p>\n\n\n\n<figure class=\"wp-block-image size-large is-resized\"><img decoding=\"async\" loading=\"lazy\" src=\"https:\/\/www.srpskbely.cz\/wp-content\/uploads\/2024\/04\/d875a321-3ed0-40f4-b200-197456dcd572_sm-1024x794.jpg\" alt=\"\" class=\"wp-image-617\" width=\"364\" height=\"282\" srcset=\"https:\/\/www.srpskbely.cz\/wp-content\/uploads\/2024\/04\/d875a321-3ed0-40f4-b200-197456dcd572_sm-1024x794.jpg 1024w, https:\/\/www.srpskbely.cz\/wp-content\/uploads\/2024\/04\/d875a321-3ed0-40f4-b200-197456dcd572_sm-300x233.jpg 300w, https:\/\/www.srpskbely.cz\/wp-content\/uploads\/2024\/04\/d875a321-3ed0-40f4-b200-197456dcd572_sm-768x595.jpg 768w, https:\/\/www.srpskbely.cz\/wp-content\/uploads\/2024\/04\/d875a321-3ed0-40f4-b200-197456dcd572_sm.jpg 1200w\" sizes=\"(max-width: 364px) 100vw, 364px\" \/><\/figure>\n\n\n\n<p class=\"has-vivid-red-color has-text-color\"><strong>PROFES\u00cdM POD POKLI\u010cKU<\/strong><\/p>\n\n\n\n<p>V r\u00e1mci projektu zveme rodi\u010de r\u016fzn\u00fdch profes\u00ed do t\u0159\u00edd osm\u00e1k\u016f, aby s nimi probrali, co v\u0161echno obn\u00e1\u0161\u00ed jejich pr\u00e1ce, jak se k n\u00ed dostali, co je k n\u00ed motivovalo, jak\u00e9 z\u00e1jmy \u010di \u0161koly je k n\u00ed dovedly a v neposledn\u00ed \u0159ad\u011b, co je ovlivnilo a jak se v jejich v\u011bku rozhodovali, co d\u00e1l po z\u00e1kladn\u00ed \u0161kole.<\/p>\n\n\n\n<p>Tentokr\u00e1t za nimi zav\u00edtal Radek \u0160vec, gener\u00e1ln\u00ed \u0159editel spole\u010dnosti Albi a \u010dlen v\u00fdkonn\u00e9ho v\u00fdboru SRP\u0160.<\/p>\n\n\n\n<p>Dal\u0161\u00edm hostem byla Martina Lacinov\u00e1, zdravotn\u00ed laborantka se specializac\u00ed pro klinickou biochemii, kter\u00e1 chyst\u00e1 praktickou v\u00fduku biochemie i pro mediky 2. ro\u010dn\u00edku.<\/p>\n\n\n\n<p>D\u011bti zpo\u010d\u00e1tku sp\u00ed\u0161 poslouchaj\u00ed, ale postupn\u011b je diskuze vt\u00e1hne, pokl\u00e1daj\u00ed dotazy a prob\u00edraj\u00ed s hosty sv\u00e9 pohledy na v\u011bc. A pr\u00e1v\u011b o to jde, roz\u0161\u00ed\u0159it jim obzory o profes\u00edch a v\u010das u nich za\u017eehnout jisk\u0159i\u010dku z\u00e1jmu o v\u00fdb\u011br \u0161kol.<\/p>\n\n\n\n<p>A pokud chvilku trv\u00e1, ne\u017e se d\u011bti osm\u011bl\u00ed, s dotazy ochotn\u011b pomohou ob\u011b koordin\u00e1torky projektu Mark\u00e9ta Cac\u00e1kov\u00e1 a Marie Kube\u0161ov\u00e1.<\/p>\n\n\n\n<p>Fotky z diskuz\u00ed si prohl\u00e9dn\u011bte <a href=\"https:\/\/eu.zonerama.com\/srpskbely\/Album\/11339414#check-duplicates\">ZDE<\/a>.<\/p>\n\n\n\n<figure class=\"wp-block-image size-large is-resized\"><img decoding=\"async\" loading=\"lazy\" src=\"https:\/\/www.srpskbely.cz\/wp-content\/uploads\/2024\/04\/Poklicky_duben_web-1024x489.jpg\" alt=\"\" class=\"wp-image-611\" width=\"457\" height=\"218\" srcset=\"https:\/\/www.srpskbely.cz\/wp-content\/uploads\/2024\/04\/Poklicky_duben_web-1024x489.jpg 1024w, https:\/\/www.srpskbely.cz\/wp-content\/uploads\/2024\/04\/Poklicky_duben_web-300x143.jpg 300w, https:\/\/www.srpskbely.cz\/wp-content\/uploads\/2024\/04\/Poklicky_duben_web-768x367.jpg 768w, https:\/\/www.srpskbely.cz\/wp-content\/uploads\/2024\/04\/Poklicky_duben_web-1536x733.jpg 1536w, https:\/\/www.srpskbely.cz\/wp-content\/uploads\/2024\/04\/Poklicky_duben_web.jpg 1600w\" sizes=\"(max-width: 457px) 100vw, 457px\" \/><\/figure>\n\n\n\n<p class=\"has-vivid-red-color has-text-color\"><strong>DNES VA\u0158\u00cd D\u011aTI<\/strong><\/p>\n\n\n\n<p>V p\u00e1tek 22. 3. prob\u011bhl ve \u0161kole projektov\u00fd den Noc s Andersenem, kter\u00fd zavr\u0161ilo p\u0159esp\u00e1n\u00ed n\u011bkter\u00fdch t\u0159\u00edd ve \u0161kole. Letos se ve \u0161kole se\u0161lo v\u00edce ne\u017e 450 d\u011bt\u00ed, a proto\u017ee na n\u011b \u010dekal zaj\u00edmav\u00fd a nabit\u00fd program, ve\u010de\u0159e je \u010dekala u\u017e ve \u0161kole. Dobrovoln\u00edci z \u0159ad d\u011bt\u00ed pro nocle\u017en\u00edky p\u0159ipravili j\u00eddlo na ve\u010der i na r\u00e1no. Mlad\u00fdch kucha\u0159ek a kucha\u0159\u016f se p\u0159ihl\u00e1silo 14 a va\u0159ili s takov\u00fdm nad\u0161en\u00edm a z\u00e1palem, \u017ee byla radost cvrkot ve \u0161koln\u00ed j\u00eddeln\u011b pozorovat!<\/p>\n\n\n\n<p>K ve\u010de\u0159i p\u0159ipravili za asistence zku\u0161en\u00fdch kucha\u0159ek, kucha\u0159\u016f a z\u00e1stupc\u016f rodi\u010d\u016f ku\u0159ec\u00ed \u0159\u00edzky obalen\u00e9 v cornflakes s brambory a broskvov\u00fdm kompotem. Na sn\u00eddani pak na n\u011b \u010dekal vynikaj\u00edc\u00ed vo\u0148av\u00fd pern\u00edk.<img decoding=\"async\" loading=\"lazy\" height=\"16\" width=\"16\" src=\"https:\/\/static.xx.fbcdn.net\/images\/emoji.php\/v9\/t5b\/1.5\/16\/1f60d.png\" alt=\"\ud83d\ude0d\"> D\u011bti za svoji pr\u00e1ci dostaly nejen pochvalu od spokojen\u00fdch str\u00e1vn\u00edk\u016f, ale i voucher do kina. V\u00edce fotografi\u00ed najdete <a href=\"https:\/\/eu.zonerama.com\/srpskbely\/Album\/11249421#check-duplicates\">ZD<\/a><a href=\"https:\/\/eu.zonerama.com\/srpskbely\/Album\/11248206#check-duplicates\">E<\/a>.<\/p>\n\n\n\n<figure class=\"wp-block-image size-large is-resized\"><img decoding=\"async\" loading=\"lazy\" src=\"https:\/\/www.srpskbely.cz\/wp-content\/uploads\/2024\/03\/Na-web-1024x574.jpg\" alt=\"\" class=\"wp-image-600\" width=\"372\" height=\"209\" srcset=\"https:\/\/www.srpskbely.cz\/wp-content\/uploads\/2024\/03\/Na-web-1024x574.jpg 1024w, https:\/\/www.srpskbely.cz\/wp-content\/uploads\/2024\/03\/Na-web-300x168.jpg 300w, https:\/\/www.srpskbely.cz\/wp-content\/uploads\/2024\/03\/Na-web-768x430.jpg 768w, https:\/\/www.srpskbely.cz\/wp-content\/uploads\/2024\/03\/Na-web.jpg 1155w\" sizes=\"(max-width: 372px) 100vw, 372px\" \/><\/figure>\n\n\n\n<p class=\"has-vivid-red-color has-text-color\"><strong>RODI\u010cOVSK\u00c1 KAV\u00c1RNA &#8211; N\u00e1strahy internetu<\/strong> <strong>aneb jak ochr\u00e1nit d\u011bti, kdy\u017e jsou on-line<\/strong><\/p>\n\n\n\n<p>T\u00e9matem n\u00e1s provedl policista kapit\u00e1n Kov\u00e1\u0159, kter\u00fd o t\u00e9to oblasti p\u0159edn\u00e1\u0161\u00ed i na vysok\u00e9 \u0161kole. Z\u00edskali jsme od n\u011bj konkr\u00e9tn\u00ed p\u0159\u00edklady a tipy, zasv\u011btil n\u00e1s do nov\u00fdch trend\u016f a upozornil na nov\u00e1torsk\u00e9 postupy internetov\u00fdch pred\u00e1tor\u016f. Rozhodn\u011b si ka\u017ed\u00fd odnesl n\u011bco d\u016fle\u017eit\u00e9ho pro sebe, nap\u0159. jak s\u00edt\u011b br\u00e1t, o \u010dem s d\u011btmi mluvit, na co je upozornit nebo \u010demu se vyhnout. \u00da\u010dast ne\u0161lo ani spo\u010d\u00edtat, rodi\u010de zaplnili t\u00e9m\u011b\u0159 celou j\u00eddelnu, co\u017e n\u00e1s moc t\u011b\u0161\u00ed a motivuje k dal\u0161\u00ed pr\u00e1ci. P\u00e1r fotek najdete <a href=\"https:\/\/eu.zonerama.com\/srpskbely\/Album\/10969887#check-duplicates\" data-type=\"URL\" data-id=\"https:\/\/eu.zonerama.com\/srpskbely\/Album\/10969887#check-duplicates\">zde<\/a>.<\/p>\n\n\n\n<figure class=\"wp-block-image size-full is-resized\"><img decoding=\"async\" loading=\"lazy\" src=\"https:\/\/www.srpskbely.cz\/wp-content\/uploads\/2024\/01\/RK_Hrozby-netu.jpg\" alt=\"\" class=\"wp-image-551\" width=\"284\" height=\"415\" srcset=\"https:\/\/www.srpskbely.cz\/wp-content\/uploads\/2024\/01\/RK_Hrozby-netu.jpg 513w, https:\/\/www.srpskbely.cz\/wp-content\/uploads\/2024\/01\/RK_Hrozby-netu-205x300.jpg 205w\" sizes=\"(max-width: 284px) 100vw, 284px\" \/><\/figure>\n\n\n\n<p class=\"has-vivid-red-color has-text-color\"><strong>GRAFICK\u00c1 J\u00cdDELNA &#8211; kreativn\u00ed workshop<\/strong><\/p>\n\n\n\n<p>Tento nov\u00fd projekt m\u011bl ne\u010dekan\u011b velk\u00fd a velmi pozitivn\u00ed ohlas. D\u011bti se zaujet\u00edm a discipl\u00ednou tvo\u0159ily a u\u010dily se nov\u00fdm grafick\u00fdm technik\u00e1m. Profesion\u00e1ln\u00ed lekto\u0159i m\u011bli v\u0161e perfektn\u011b p\u0159ipraveno, tud\u00ed\u017e je nezasko\u010dil ani maxim\u00e1ln\u00ed po\u010det \u00fa\u010dastn\u00edk\u016f, kter\u00fd se vy\u0161plhal na 80 lid\u00ed.<\/p>\n\n\n\n<p>Bylo to skv\u011bl\u00e9 odpoledne a radost z n\u011bj m\u011bly nejen d\u011bti, ale i ob\u011b koordin\u00e1torky projektu Radka J\u00ednov\u00e1 a Zuzana Trojanov\u00e1. Fotky z akce, kde uvid\u00edte n\u00e1padit\u00e9 v\u00fdtvory, soust\u0159ed\u011bn\u00e9 obli\u010deje i nad\u0161en\u00e9 v\u00fdrazy, si prohl\u00e9dn\u011bte <a href=\"https:\/\/marketakunesova.notion.site\/SRP-Z-KBELY-697e560354bc400a8bebd5546b97103b\" data-type=\"URL\" data-id=\"https:\/\/marketakunesova.notion.site\/SRP-Z-KBELY-697e560354bc400a8bebd5546b97103b\">zde<\/a>.<\/p>\n\n\n\n<figure class=\"wp-block-image size-full is-resized\"><img decoding=\"async\" loading=\"lazy\" src=\"https:\/\/www.srpskbely.cz\/wp-content\/uploads\/2023\/11\/Workshop.png\" alt=\"\" class=\"wp-image-531\" width=\"263\" height=\"384\" srcset=\"https:\/\/www.srpskbely.cz\/wp-content\/uploads\/2023\/11\/Workshop.png 558w, https:\/\/www.srpskbely.cz\/wp-content\/uploads\/2023\/11\/Workshop-205x300.png 205w\" sizes=\"(max-width: 263px) 100vw, 263px\" \/><\/figure>\n\n\n\n<p class=\"has-vivid-red-color has-text-color\"><strong>RODI\u010cOVSK\u00c1 KAV\u00c1RNA &#8211; D\u011bti a stres<\/strong><\/p>\n\n\n\n<p>Velmi inspirativn\u00ed setk\u00e1n\u00ed na t\u00e9ma D\u011bti a stres prob\u011bhlo se zku\u0161enou d\u011btskou psycholo\u017ekou Ilonou \u0160pa\u0148helovou. Dostali jsme doporu\u010den\u00ed, abychom d\u011bti u\u017e od \u00fatl\u00e9ho v\u011bku postupn\u011b vystavovali mal\u00fdm d\u00e1vk\u00e1m stresu a zbyte\u010dn\u011b nechr\u00e1nili d\u011bti v\u00edce, ne\u017e je pot\u0159eba. Psychick\u00e1 odolnost se u d\u011bt\u00ed buduje postupn\u011b a m\u00e1 smysl na ni dlouhodob\u011b pracovat. Je v\u0161ak d\u016fle\u017eit\u00e9 rozpoznat d\u00edky citliv\u00e9 komunikac\u00ed s d\u00edt\u011btem, zda ho stres stimuluje pozitivn\u011b.<br><br>Prvn\u00ed pomoc p\u0159i projevu stresu na t\u011ble zn\u00ed &#8211; pohyb, k\u0159ik, zp\u011bv \ud83d\ude42 A dal\u0161\u00ed v\u00fdznamn\u00e1 rada sm\u011brem k n\u00e1m rodi\u010d\u016fm je &#8211; nezapom\u00ednejte na svoje pot\u0159eby, um\u011bjte odpo\u010d\u00edvat a dbejte na to, aby v\u00e1s d\u011bti vid\u011bly, \u017ee um\u00edme odpo\u010d\u00edvat a dob\u00edjet baterky. Fotografie ze setk\u00e1n\u00ed <a href=\"https:\/\/eu.zonerama.com\/srpskbely\/Album\/10644475\">zde<\/a>.<\/p>\n\n\n\n<figure class=\"wp-block-image size-full is-resized\"><img decoding=\"async\" loading=\"lazy\" src=\"https:\/\/www.srpskbely.cz\/wp-content\/uploads\/2023\/10\/RK_stres-mensi-1.png\" alt=\"\" class=\"wp-image-511\" width=\"317\" height=\"404\" srcset=\"https:\/\/www.srpskbely.cz\/wp-content\/uploads\/2023\/10\/RK_stres-mensi-1.png 645w, https:\/\/www.srpskbely.cz\/wp-content\/uploads\/2023\/10\/RK_stres-mensi-1-236x300.png 236w\" sizes=\"(max-width: 317px) 100vw, 317px\" \/><\/figure>\n\n\n\n<p class=\"has-vivid-red-color has-text-color\"><strong>JAZYKOV\u00dd DEN<\/strong><\/p>\n\n\n\n<p><strong>Thank you, \u010fakujem, danke<\/strong> &#8211; k\u0159i\u010d\u00edme nahlas a fand\u00edme dal\u0161\u00edm podobn\u00fdm akc\u00edm! Prvn\u00ed leto\u0161n\u00ed projektov\u00fd den na\u0161e \u0161kola v\u011bnovala jazyk\u016fm, a voln\u011b tak nav\u00e1zala na Evropsk\u00fd den jazyk\u016f. V na\u0161ich t\u0159\u00edd\u00e1ch se nesl v duchu sout\u011b\u017e\u00ed, kv\u00edz\u016f, h\u00e1danek, sc\u00e9nek a n\u00e1padit\u00fdch kost\u00fdm\u016f&#8230; <\/p>\n\n\n\n<p>Zapojily se v\u0161echny t\u0159\u00eddy z obou stup\u0148\u016f, tud\u00ed\u017e publikum na zabaven\u00ed bylo opravdu po\u010detn\u00e9. R\u00e1di jsme za SRP\u0160 pomohli a v\u017edy budeme r\u00e1di i nad\u00e1le asistovat u podobn\u00fdch n\u00e1pad\u016f!<\/p>\n\n\n\n<figure class=\"wp-block-image size-full is-resized\"><img decoding=\"async\" loading=\"lazy\" src=\"https:\/\/www.srpskbely.cz\/wp-content\/uploads\/2023\/09\/thumbnail_4fa6db4d-5a6d-48e7-b3f4-76c51c7c6bd9.jpg\" alt=\"\" class=\"wp-image-480\" width=\"327\" height=\"226\" srcset=\"https:\/\/www.srpskbely.cz\/wp-content\/uploads\/2023\/09\/thumbnail_4fa6db4d-5a6d-48e7-b3f4-76c51c7c6bd9.jpg 1024w, https:\/\/www.srpskbely.cz\/wp-content\/uploads\/2023\/09\/thumbnail_4fa6db4d-5a6d-48e7-b3f4-76c51c7c6bd9-300x208.jpg 300w, https:\/\/www.srpskbely.cz\/wp-content\/uploads\/2023\/09\/thumbnail_4fa6db4d-5a6d-48e7-b3f4-76c51c7c6bd9-768x532.jpg 768w\" sizes=\"(max-width: 327px) 100vw, 327px\" \/><\/figure>\n\n\n\n<p>Mal\u00e9 nahl\u00e9dnut\u00ed do d\u011bn\u00ed p\u0159es <a href=\"https:\/\/eu.zonerama.com\/srpskbely\/Album\/10421683#check-duplicates\">fotografie<\/a>. <\/p>\n\n\n\n<p class=\"has-vivid-red-color has-text-color\"><strong>RODI\u010cOVSK\u00c1 KAV\u00c1RNA<\/strong> &#8211; <strong>Jak vyzr\u00e1t na p\u0159\u00edj\u00edmac\u00ed zkou\u0161ky<\/strong><\/p>\n\n\n\n<p>P\u0159ij\u00edmac\u00ed \u0159\u00edzen\u00ed je stresov\u00e9 obdob\u00ed pro d\u011bti i rodi\u010de. Kdy\u017e ale proniknete do n\u011bkter\u00fdch trik\u016f a f\u00edgl\u016f test\u016f, najdete spole\u010dn\u011b s d\u00edt\u011btem vhodnou strategii a p\u0159\u00edstup, ulev\u00ed se v\u00e1m i d\u00edt\u011bti a jeho \u0161ance usp\u011bt se m\u016f\u017ee zv\u00fd\u0161it.<br>O t\u011bchto a dal\u0161\u00edch podrobnostech jsme na t\u00e9to Kav\u00e1rn\u011b debatovali. Leto\u0161n\u00ed dev\u00e1\u0165\u00e1ci nav\u00e1\u017eou na zajet\u00fd syst\u00e9m p\u0159\u00edpravy, kterou \u0161kola m\u00e1, v\u010detn\u011b zkou\u0161ek nane\u010disto, co\u017e p\u0159ipomn\u011bla i pan\u00ed \u0159editelka Kulichov\u00e1, jen\u017e p\u0159edn\u00e1\u0161ka rovn\u011b\u017e zaj\u00edmala. Dr\u017eme si palce a hlavn\u011b d\u011btem! Fotografie ze setk\u00e1n\u00ed <a href=\"https:\/\/eu.zonerama.com\/srpskbely\/Album\/10421810#check-duplicates\">zde<\/a>.<\/p>\n\n\n\n<figure class=\"wp-block-image size-full is-resized\"><img decoding=\"async\" loading=\"lazy\" src=\"https:\/\/www.srpskbely.cz\/wp-content\/uploads\/2023\/09\/RK_2023_PZ-1.png\" alt=\"\" class=\"wp-image-479\" width=\"298\" height=\"428\" srcset=\"https:\/\/www.srpskbely.cz\/wp-content\/uploads\/2023\/09\/RK_2023_PZ-1.png 483w, https:\/\/www.srpskbely.cz\/wp-content\/uploads\/2023\/09\/RK_2023_PZ-1-209x300.png 209w\" sizes=\"(max-width: 298px) 100vw, 298px\" \/><\/figure>\n\n\n\n<p class=\"has-vivid-red-color has-text-color\"><strong>ZAHRADN\u00cd SLAVNOST<\/strong><\/p>\n\n\n\n<p>Slavnost se vyda\u0159ila velkolep\u011b. D\u00edky sout\u011b\u017e\u00edm, hr\u00e1m a vyr\u00e1b\u011bn\u00ed se d\u011bti pobavily, n\u011bkoho v\u00edce zaj\u00edmala vystoupen\u00ed na p\u00f3diu, v\u011bt\u0161ina z p\u0159\u00edtomn\u00fdch d\u011bt\u00ed zav\u00edtala k malov\u00e1n\u00ed na obli\u010dej a v\u0161ichni si kr\u00e1lovsky pochutnali na dobrot\u00e1ch z kuchyn\u011b, vu\u0159tech i na zmrzlin\u011b. <\/p>\n\n\n\n<p>Zlat\u00fdm h\u0159ebem odpoledne bylo lou\u010den\u00ed s dev\u00e1\u0165\u00e1ky, kter\u00e9 \u0161erpovali z\u00e1stupci \u0161koly a t\u0159\u00eddn\u00ed u\u010ditel\u00e9 ke ka\u017ed\u00e9mu absolventu \u0159ekli p\u00e1r slov. Slzi\u010dka uk\u00e1pla nejen rodi\u010d\u016fm, ale i d\u011btem. Je mil\u00e9 vid\u011bt, \u017ee jim v na\u0161\u00ed \u0161kole bylo hezky!<\/p>\n\n\n\n<figure class=\"wp-block-image size-large is-resized\"><img decoding=\"async\" loading=\"lazy\" src=\"https:\/\/www.srpskbely.cz\/wp-content\/uploads\/2023\/06\/Zahradni-slavnost_2023-1-721x1024.jpg\" alt=\"\" class=\"wp-image-464\" width=\"267\" height=\"379\" srcset=\"https:\/\/www.srpskbely.cz\/wp-content\/uploads\/2023\/06\/Zahradni-slavnost_2023-1-721x1024.jpg 721w, https:\/\/www.srpskbely.cz\/wp-content\/uploads\/2023\/06\/Zahradni-slavnost_2023-1-211x300.jpg 211w, https:\/\/www.srpskbely.cz\/wp-content\/uploads\/2023\/06\/Zahradni-slavnost_2023-1-768x1091.jpg 768w, https:\/\/www.srpskbely.cz\/wp-content\/uploads\/2023\/06\/Zahradni-slavnost_2023-1-1081x1536.jpg 1081w, https:\/\/www.srpskbely.cz\/wp-content\/uploads\/2023\/06\/Zahradni-slavnost_2023-1.jpg 1126w\" sizes=\"(max-width: 267px) 100vw, 267px\" \/><\/figure>\n\n\n\n<p>Celou akci si m\u016f\u017eete p\u0159ipomenout p\u0159es <a href=\"https:\/\/eu.zonerama.com\/martinaPe\/Album\/9982738\" data-type=\"URL\" data-id=\"https:\/\/eu.zonerama.com\/martinaPe\/Album\/9982738\">fotografie<\/a>.<\/p>\n\n\n\n<p class=\"has-vivid-red-color has-text-color\"><strong>SPORTOVN\u00cd OLYPI\u00c1DA<\/strong><\/p>\n\n\n\n<p>T\u00fddenn\u00ed kl\u00e1n\u00ed ve sportovn\u00edch i kulturn\u00edch discipl\u00edn\u00e1ch zah\u00e1jili i zakon\u010dili v\u00fdznamn\u00ed host\u00e9, jmenujme nap\u0159\u00edklad olympionika v plav\u00e1n\u00ed Jana Micku, kter\u00fd slavnostn\u011b zap\u00e1lil olympijsk\u00fd ohe\u0148, kbelsk\u00e1 roda\u010dka a prvn\u00ed \u017eena v s\u00edni sl\u00e1vy \u010desk\u00e9ho fotbalu Eva Haniakov\u00e1 a v r\u00e1mci z\u00e1v\u011bre\u010dn\u00e9ho ceremoni\u00e1lu pak nap\u0159\u00edklad olympionik, v\u00edt\u011bz Sv\u011btov\u00e9ho poh\u00e1ru a nej\u00fasp\u011b\u0161n\u011bj\u0161\u00ed \u010desk\u00fd kordista Ji\u0159\u00ed Beran. D\u011btem pat\u0159\u00ed velk\u00fd obdiv za jejich \u00fasil\u00ed v discipl\u00edn\u00e1ch a nad\u0161en\u00ed, se kter\u00fdm se do sout\u011b\u017een\u00ed pustily. Byl to t\u00fdden pln\u00fd emoc\u00ed, z\u00e1\u017eitk\u016f a skv\u011bl\u00fdch v\u00fdkon\u016f!<\/p>\n\n\n\n<p>SRP\u0160 bylo jak u p\u0159\u00edprav, tak u t\u011bchto slavnostn\u00edch okam\u017eik\u016f. Z\u00e1stupci veden\u00ed Spolku byli pozv\u00e1ni mezi tyto \u010destn\u00e9 hosty a zapojili se i do p\u0159ed\u00e1v\u00e1n\u00ed cen.&nbsp;Byli jsme dle slov pana u\u010ditele Hrazd\u00edry pov\u00fd\u0161eni na \u201eBohy ze SRP\u0160\u201c, co\u017e n\u00e1m bude dlouho p\u0159\u00edjemn\u011b zn\u00edt v u\u0161\u00edch\u2026<\/p>\n\n\n\n<p>P\u0159ipomenout si celou akci m\u016f\u017eete <a href=\"https:\/\/www.skolavpohybu.cz\/kbelska-odm\/\">zde<\/a>.<\/p>\n\n\n\n<div class=\"is-layout-constrained wp-block-group\"><div class=\"wp-block-group__inner-container\">\n<div class=\"is-nowrap is-layout-flex wp-container-1 wp-block-group alignwide\">\n<figure class=\"wp-block-image size-large is-resized\"><a href=\"https:\/\/eu.zonerama.com\/srpskbely\/Album\/9867664#check-duplicates\"><img decoding=\"async\" loading=\"lazy\" src=\"https:\/\/www.srpskbely.cz\/wp-content\/uploads\/2023\/06\/IMG_0817-1024x661.jpg\" alt=\"\" class=\"wp-image-441\" width=\"350\" height=\"226\" srcset=\"https:\/\/www.srpskbely.cz\/wp-content\/uploads\/2023\/06\/IMG_0817-1024x661.jpg 1024w, https:\/\/www.srpskbely.cz\/wp-content\/uploads\/2023\/06\/IMG_0817-300x194.jpg 300w, https:\/\/www.srpskbely.cz\/wp-content\/uploads\/2023\/06\/IMG_0817-768x496.jpg 768w, https:\/\/www.srpskbely.cz\/wp-content\/uploads\/2023\/06\/IMG_0817-1536x991.jpg 1536w, https:\/\/www.srpskbely.cz\/wp-content\/uploads\/2023\/06\/IMG_0817-2048x1322.jpg 2048w\" sizes=\"(max-width: 350px) 100vw, 350px\" \/><\/a><\/figure>\n<\/div>\n<\/div><\/div>\n\n\n\n<p><a href=\"https:\/\/eu.zonerama.com\/srpskbely\/Album\/9867664#check-duplicates\">Dal\u0161\u00ed fotky ze zah\u00e1jen\u00ed a zakon\u010den\u00ed olympi\u00e1dy<\/a><\/p>\n\n\n\n<p class=\"has-vivid-red-color has-text-color\"><strong>KBELSK\u00dd PSAVEC<\/strong><\/p>\n\n\n\n<p>Projekt \u0160koln\u00edho parlamentu, nad kter\u00fdm m\u00e1 SRP\u0160 z\u00e1\u0161titu. Rodi\u010de hodnotili 66 ze 128 prac\u00ed a zaji\u0161\u0165ovali ceny pro vyhl\u00e1\u0161en\u00e9 v\u00edt\u011bze. Cel\u00fd projekt je velmi hezk\u00fd a pln\u00fd skv\u011bl\u00fdch p\u0159\u00edb\u011bh\u016f. Jsme moc r\u00e1di, \u017ee m\u016f\u017eeme b\u00fdt u toho!<\/p>\n\n\n\n<figure class=\"wp-block-image size-large is-resized\"><img decoding=\"async\" loading=\"lazy\" src=\"https:\/\/www.srpskbely.cz\/wp-content\/uploads\/2023\/09\/Kbelsky-psavec-2023-724x1024.png\" alt=\"\" class=\"wp-image-474\" width=\"325\" height=\"460\" srcset=\"https:\/\/www.srpskbely.cz\/wp-content\/uploads\/2023\/09\/Kbelsky-psavec-2023-724x1024.png 724w, https:\/\/www.srpskbely.cz\/wp-content\/uploads\/2023\/09\/Kbelsky-psavec-2023-212x300.png 212w, https:\/\/www.srpskbely.cz\/wp-content\/uploads\/2023\/09\/Kbelsky-psavec-2023-768x1086.png 768w, https:\/\/www.srpskbely.cz\/wp-content\/uploads\/2023\/09\/Kbelsky-psavec-2023-1086x1536.png 1086w, https:\/\/www.srpskbely.cz\/wp-content\/uploads\/2023\/09\/Kbelsky-psavec-2023.png 1414w\" sizes=\"(max-width: 325px) 100vw, 325px\" \/><\/figure>\n\n\n\n<p class=\"has-vivid-red-color has-text-color\"><strong><strong>DEN DESKOVEK<\/strong><\/strong><\/p>\n\n\n\n<p>Prostor j\u00eddelny \u0161koly zaplnily nejr\u016fzn\u011bj\u0161\u00ed deskov\u00e9 hry. D\u011bti i dosp\u011bl\u00ed si hr\u00e1li, sout\u011b\u017eili, zkou\u0161eli nov\u00e9 hry a hlavn\u011b se skv\u011ble bavili.<br>&#8222;Pot\u011b\u0161ilo m\u011b, \u017ee se poda\u0159ilo zorganizovat akci, kde se bav\u00ed d\u011bti, rodi\u010de a i u\u010ditel\u00e9. Do budoucna je to pro n\u00e1s z\u00e1vazek, abychom obdobnou akci p\u0159ipravili znovu&#8220;, \u0159ekl po akci koordin\u00e1tor Radek \u0160vec.&nbsp;<\/p>\n\n\n\n<figure class=\"wp-block-image size-large is-resized\"><img decoding=\"async\" loading=\"lazy\" src=\"https:\/\/www.srpskbely.cz\/wp-content\/uploads\/2023\/05\/Deskovky_4-1024x683.jpeg\" alt=\"\" class=\"wp-image-395\" width=\"356\" height=\"237\" srcset=\"https:\/\/www.srpskbely.cz\/wp-content\/uploads\/2023\/05\/Deskovky_4-1024x683.jpeg 1024w, https:\/\/www.srpskbely.cz\/wp-content\/uploads\/2023\/05\/Deskovky_4-300x200.jpeg 300w, https:\/\/www.srpskbely.cz\/wp-content\/uploads\/2023\/05\/Deskovky_4-768x512.jpeg 768w, https:\/\/www.srpskbely.cz\/wp-content\/uploads\/2023\/05\/Deskovky_4-1536x1024.jpeg 1536w, https:\/\/www.srpskbely.cz\/wp-content\/uploads\/2023\/05\/Deskovky_4.jpeg 2048w\" sizes=\"(max-width: 356px) 100vw, 356px\" \/><\/figure>\n\n\n\n<p><a href=\"https:\/\/eu.zonerama.com\/srpskbely\/1240163\">Dal\u0161\u00ed fotky z akce<\/a><\/p>\n\n\n\n<p class=\"has-vivid-red-color has-text-color\"><strong>PROFES\u00cdM POD POKLI\u010cKU<\/strong><\/p>\n\n\n\n<p>V r\u00e1mci projektu seznamujeme \u017e\u00e1ky 8. t\u0159\u00edd se z\u00e1stupci r\u016fzn\u00fdch profes\u00ed, aby m\u011bli mo\u017enost s nimi diskutovat, co v\u0161e je vedlo a\u017e k pr\u00e1ci, kterou nyn\u00ed vykon\u00e1vaj\u00ed. Ka\u017ed\u00fd je jin\u00fd a ka\u017ed\u00fd je dobr\u00fd v jin\u00e9m ohledu, poj\u010fme je spole\u010dn\u011b hledat a roz\u0161i\u0159ovat pohled na v\u00fdb\u011br povol\u00e1n\u00ed.<br>Leto\u0161n\u00ed \u0161koln\u00ed rok t\u0159\u00eddy nav\u0161t\u00edvili tito host\u00e9: <br>&#8211; profesion\u00e1ln\u00ed voj\u00e1k z kbelsk\u00e9 vojensk\u00e9 z\u00e1kladny<br>&#8211; pr\u00e1vni\u010dka\/architektka a ekonomka v jedn\u00e9 osob\u011b<br>&#8211; truhl\u00e1\u0159<br>&#8211; fyzioterapeutka. <br><strong>Od z\u00e1\u0159\u00ed projekt pokra\u010duje s dal\u0161\u00edmi p\u0159\u00edb\u011bhy a profesemi, kter\u00fdm se pod\u00edv\u00e1me pod pokli\u010dku<\/strong>.<\/p>\n\n\n\n<figure class=\"wp-block-image size-full is-resized\"><img decoding=\"async\" loading=\"lazy\" src=\"https:\/\/www.srpskbely.cz\/wp-content\/uploads\/2023\/05\/28.4._Janik_fin.jpg\" alt=\"\" class=\"wp-image-396\" width=\"359\" height=\"262\" srcset=\"https:\/\/www.srpskbely.cz\/wp-content\/uploads\/2023\/05\/28.4._Janik_fin.jpg 491w, https:\/\/www.srpskbely.cz\/wp-content\/uploads\/2023\/05\/28.4._Janik_fin-300x219.jpg 300w\" sizes=\"(max-width: 359px) 100vw, 359px\" \/><\/figure>\n\n\n\n<p><a href=\"https:\/\/eu.zonerama.com\/srpskbely\/Album\/9828400#check-duplicates\">Dal\u0161\u00ed fotky z projektu<\/a><\/p>\n\n\n\n<p class=\"has-vivid-red-color has-text-color\"><strong>RODI\u010cOVSK\u00c9 KAV\u00c1RNY<\/strong><\/p>\n\n\n\n<p>T\u00c9MA: <strong>Profese budoucnosti<\/strong> &#8211; Jak se m\u011bn\u00ed trh pr\u00e1ce a jak\u00e9 dovednosti pom\u00e1hat d\u011btem rozv\u00edjet pro jejich lep\u0161\u00ed uplatn\u011bn\u00ed.<\/p>\n\n\n\n<figure class=\"wp-block-image size-full is-resized\"><img decoding=\"async\" loading=\"lazy\" src=\"https:\/\/www.srpskbely.cz\/wp-content\/uploads\/2023\/06\/PHOTO-2023-06-01-09-03-08-2.jpg\" alt=\"\" class=\"wp-image-432\" width=\"350\" height=\"263\" srcset=\"https:\/\/www.srpskbely.cz\/wp-content\/uploads\/2023\/06\/PHOTO-2023-06-01-09-03-08-2.jpg 1024w, https:\/\/www.srpskbely.cz\/wp-content\/uploads\/2023\/06\/PHOTO-2023-06-01-09-03-08-2-300x225.jpg 300w, https:\/\/www.srpskbely.cz\/wp-content\/uploads\/2023\/06\/PHOTO-2023-06-01-09-03-08-2-768x576.jpg 768w\" sizes=\"(max-width: 350px) 100vw, 350px\" \/><\/figure>\n\n\n\n<p><a href=\"https:\/\/eu.zonerama.com\/srpskbely\/Album\/9863898\">Dal\u0161\u00ed fotky z besedy<\/a><\/p>\n\n\n\n<p>T\u00c9MA: <strong>Ach, ty dom\u00e1c\u00ed \u00fakoly<\/strong>&nbsp;&#8211; Jak d\u011bti motivovat k v\u011bt\u0161\u00ed samostatnosti p\u0159i p\u0159\u00edprav\u00e1ch do \u0161koly.<\/p>\n\n\n\n<p>&#8222;D\u00edt\u011b pot\u0159ebuje k vypracov\u00e1n\u00ed dom\u00e1c\u00edch \u00fakol\u016f zejm\u00e9na vhodn\u00e9 tich\u00e9 m\u00edsto. Doporu\u010duji \u010das rozd\u011blit na krat\u0161\u00ed bloky s pauzou. P\u0159\u00ednosn\u00e9 je nastaven\u00ed pevn\u00fdch pravidel, kdy d\u011bti d\u011blaj\u00ed dom\u00e1c\u00ed \u00fakoly a pravideln\u00e1 pohybov\u00e1 aktivita, kter\u00e1 je bav\u00ed. U\u010den\u00ed jim pak p\u016fjde l\u00e9pe. Nebojte se komunikovat s u\u010ditelem. Nejd\u016fle\u017eit\u011bj\u0161\u00ed je v\u0161ak pozornost rodi\u010d\u016f a bezpodm\u00edne\u010dn\u00e1 l\u00e1ska, kterou rodi\u010de d\u011btem pravideln\u011b projevuj\u00ed po celou dobu d\u011btstv\u00ed,&#8220; vyb\u00edraj\u00ed z besedy s psycholo\u017ekou Hanou Imlaufovou koordin\u00e1torky projektu M. Cac\u00e1kov\u00e1 a M. Kube\u0161ov\u00e1.<\/p>\n\n\n\n<figure class=\"wp-block-image size-full is-resized\"><img decoding=\"async\" loading=\"lazy\" src=\"https:\/\/www.srpskbely.cz\/wp-content\/uploads\/2023\/04\/thumbnail_d52b63dd-9d34-4774-b9a4-de1ee806abf1.jpg\" alt=\"\" class=\"wp-image-381\" width=\"418\" height=\"237\" srcset=\"https:\/\/www.srpskbely.cz\/wp-content\/uploads\/2023\/04\/thumbnail_d52b63dd-9d34-4774-b9a4-de1ee806abf1.jpg 855w, https:\/\/www.srpskbely.cz\/wp-content\/uploads\/2023\/04\/thumbnail_d52b63dd-9d34-4774-b9a4-de1ee806abf1-300x170.jpg 300w, https:\/\/www.srpskbely.cz\/wp-content\/uploads\/2023\/04\/thumbnail_d52b63dd-9d34-4774-b9a4-de1ee806abf1-768x436.jpg 768w\" sizes=\"(max-width: 418px) 100vw, 418px\" \/><\/figure>\n\n\n\n<p><a href=\"https:\/\/eu.zonerama.com\/srpskbely\/Album\/9705314#check-duplicates\">Dal\u0161\u00ed fotky z besedy<\/a><\/p>\n\n\n\n<p class=\"has-vivid-red-color has-text-color\"><strong>DNES VA\u0158\u00cd D\u011aTI <\/strong><\/p>\n\n\n\n<p>Dobrovoln\u00edci s \u0159ad d\u011bt\u00ed a rodi\u010d\u016f p\u0159ipravili ve spolupr\u00e1ci s kuchyn\u00ed ve\u010de\u0159i a sn\u00eddani pro \u00fa\u010dastn\u00edky Noci s Andersenem. <br>\u201eD\u011bti se opravdu m\u011bly&nbsp;k pr\u00e1ci. Byly samostatn\u00e9 a skv\u011ble si pom\u00e1haly. Nezasko\u010dil je ani z\u00e1v\u011bre\u010dn\u00fd \u00faklid kuchyn\u011b. Velkou odm\u011bnou n\u00e1m v\u0161em byli spokojen\u00ed str\u00e1vn\u00edci, kte\u0159\u00ed ne\u0161et\u0159ili chv\u00e1lou. I z&nbsp;fotek m\u016f\u017eete vid\u011bt, \u017ee to byl pro v\u0161echny velmi z\u00e1bavn\u00fd z\u00e1\u017eitek, kter\u00fd si spole\u010dn\u011b r\u00e1di n\u011bkdy p\u0159\u00ed\u0161t\u011b zopakujeme,\u201c hodnot\u00ed akci koordin\u00e1torka projektu Ji\u0159ina Gregorov\u00e1.<\/p>\n\n\n\n<figure class=\"wp-block-image size-large is-resized\"><img decoding=\"async\" loading=\"lazy\" src=\"https:\/\/www.srpskbely.cz\/wp-content\/uploads\/2023\/04\/Dnes-vari-deti3-1024x768.jpg\" alt=\"\" class=\"wp-image-358\" width=\"383\" height=\"287\" srcset=\"https:\/\/www.srpskbely.cz\/wp-content\/uploads\/2023\/04\/Dnes-vari-deti3-1024x768.jpg 1024w, https:\/\/www.srpskbely.cz\/wp-content\/uploads\/2023\/04\/Dnes-vari-deti3-300x225.jpg 300w, https:\/\/www.srpskbely.cz\/wp-content\/uploads\/2023\/04\/Dnes-vari-deti3-768x576.jpg 768w, https:\/\/www.srpskbely.cz\/wp-content\/uploads\/2023\/04\/Dnes-vari-deti3.jpg 1280w\" sizes=\"(max-width: 383px) 100vw, 383px\" \/><\/figure>\n\n\n\n<p><a href=\"https:\/\/eu.zonerama.com\/srpskbely\/Album\/9641039#check-duplicates\">Dal\u0161\u00ed fotky z projektu Dnes va\u0159\u00ed d\u011bti<\/a><\/p>\n\n\n\n<p class=\"has-vivid-red-color has-text-color has-medium-font-size\"><strong>P\u0159ehled projekt\u016f pro rok 2024<\/strong><\/p>\n\n\n\n<figure class=\"wp-block-image size-full is-resized\"><img decoding=\"async\" loading=\"lazy\" src=\"https:\/\/www.srpskbely.cz\/wp-content\/uploads\/2024\/01\/Fond_2024-1.jpg\" alt=\"\" class=\"wp-image-570\" width=\"382\" height=\"766\" srcset=\"https:\/\/www.srpskbely.cz\/wp-content\/uploads\/2024\/01\/Fond_2024-1.jpg 326w, https:\/\/www.srpskbely.cz\/wp-content\/uploads\/2024\/01\/Fond_2024-1-150x300.jpg 150w\" sizes=\"(max-width: 382px) 100vw, 382px\" \/><\/figure>\n\n\n\n<p class=\"has-medium-font-size\"><strong><mark style=\"background-color:rgba(0, 0, 0, 0)\" class=\"has-inline-color has-vivid-red-color\"><a href=\"https:\/\/www.srpskbely.cz\/wp-content\/uploads\/2024\/01\/Fond-SRPS-2023_fin.pdf\">P\u0159ehled projekt\u016f roku 2023<\/a> <\/mark><\/strong><\/p>\n\n\n\n<p><\/p>\n\n\n\n<p class=\"has-vivid-red-color has-text-color has-medium-font-size\"><strong>OHL\u00c9DNUT\u00cd ZA ROKEM 2022<\/strong><\/p>\n\n\n\n<div class=\"is-nowrap is-layout-flex wp-container-5 wp-block-group alignwide\">\n<div class=\"is-layout-flow wp-block-group\"><div class=\"wp-block-group__inner-container\"><div class=\"wp-block-image\">\n<figure class=\"alignleft size-full is-resized\"><a href=\"https:\/\/petrvana.cz\/index.php?album=kbely\/20220628-zahradni-slavnost\"><img decoding=\"async\" loading=\"lazy\" src=\"https:\/\/d.r3.wbsprt.com\/srpskbely.cz\/wp-content\/uploads\/2022\/11\/208A4747_595_thumb.jpg\" alt=\"\" class=\"wp-image-49\" width=\"300\" height=\"200\" srcset=\"https:\/\/www.srpskbely.cz\/wp-content\/uploads\/2022\/11\/208A4747_595_thumb.jpg 595w, https:\/\/www.srpskbely.cz\/wp-content\/uploads\/2022\/11\/208A4747_595_thumb-300x200.jpg 300w\" sizes=\"(max-width: 300px) 100vw, 300px\" \/><\/a><\/figure><\/div><\/div><\/div>\n\n\n\n<div class=\"is-layout-flow wp-block-group\"><div class=\"wp-block-group__inner-container\">\n<p class=\"has-text-align-left has-black-color has-text-color\"><strong><strong>ZAHRADN\u00cd SLAVNOST<\/strong><\/strong><br><strong>28. 6. 2022<\/strong><br><br>Rozlou\u010den\u00ed se \u0161koln\u00edm rokem<br>a dev\u00e1\u0165\u00e1ky&#8230; (klikn\u011bte na fotku pro dal\u0161\u00ed sn\u00edmky)<\/p>\n<\/div><\/div>\n<\/div>\n\n\n\n<div class=\"is-nowrap is-layout-flex wp-container-11 wp-block-group\">\n<div class=\"is-layout-flow wp-block-group\"><div class=\"wp-block-group__inner-container\"><div class=\"wp-block-image\">\n<figure class=\"alignleft size-large is-resized\"><img decoding=\"async\" loading=\"lazy\" src=\"https:\/\/www.srpskbely.cz\/wp-content\/uploads\/2022\/11\/RK_leden2020-scaled.jpg\" alt=\"\" width=\"303\" height=\"169\"\/><\/figure><\/div><\/div><\/div>\n\n\n\n<div class=\"is-layout-flow wp-block-group\"><div class=\"wp-block-group__inner-container\">\n<div class=\"is-layout-flow wp-block-group\"><div class=\"wp-block-group__inner-container\">\n<div class=\"is-layout-constrained wp-block-group\"><div class=\"wp-block-group__inner-container\"><\/div><\/div>\n\n\n\n<p class=\"has-black-color has-text-color\"><strong>RODI\u010cOVSK\u00c9 KAV\u00c1RNY<\/strong><\/p>\n\n\n\n<p class=\"has-black-color has-text-color\">Setk\u00e1n\u00ed a diskuze s odborn\u00edky na vybran\u00e1 t\u00e9mata. <\/p>\n\n\n\n<p class=\"has-black-color has-text-color\"><a href=\"https:\/\/www.srpskbely.cz\/wp-content\/uploads\/2022\/11\/Pozvanka_RK_Staz-Finsko_8_6_22.pdf\">Poznatky u\u010ditel\u016f ze st\u00e1\u017ee ve Finsku<\/a><br><strong>8. 6. 2022<\/strong><\/p>\n<\/div><\/div>\n\n\n\n<div class=\"is-layout-flow wp-block-group\"><div class=\"wp-block-group__inner-container\">\n<p class=\"has-black-color has-text-color\"><a href=\"https:\/\/www.srpskbely.cz\/wp-content\/uploads\/2022\/11\/Pozvanka_RK_Staz-Holandsko_9_5_22.pdf\">Inspirace ze st\u00e1\u017ee u\u010ditel\u016f v Holandsku<\/a><br><strong>9. 5. 2022<\/strong><\/p>\n\n\n\n<p><\/p>\n<\/div><\/div>\n<\/div><\/div>\n<\/div>\n\n\n\n<p><strong><mark style=\"background-color:rgba(0, 0, 0, 0)\" class=\"has-inline-color has-vivid-red-color\">N\u011bkter\u00e1 z t\u00e9mat uplynul\u00fdch Rodi\u010dovsk\u00fdch kav\u00e1ren<\/mark><\/strong><\/p>\n\n\n\n<figure class=\"is-layout-flex wp-block-gallery-12 wp-block-gallery has-nested-images columns-default is-cropped\">\n<figure class=\"wp-block-image size-full\"><img decoding=\"async\" loading=\"lazy\" width=\"876\" height=\"813\" data-id=\"239\"  src=\"https:\/\/www.srpskbely.cz\/wp-content\/uploads\/2022\/11\/RK_1-2.png\" alt=\"\" class=\"wp-image-239\" srcset=\"https:\/\/www.srpskbely.cz\/wp-content\/uploads\/2022\/11\/RK_1-2.png 876w, https:\/\/www.srpskbely.cz\/wp-content\/uploads\/2022\/11\/RK_1-2-300x278.png 300w, https:\/\/www.srpskbely.cz\/wp-content\/uploads\/2022\/11\/RK_1-2-768x713.png 768w\" sizes=\"(max-width: 876px) 100vw, 876px\" \/><\/figure>\n\n\n\n<figure class=\"wp-block-image size-large\"><img decoding=\"async\" loading=\"lazy\" width=\"886\" height=\"829\" data-id=\"242\"  src=\"https:\/\/www.srpskbely.cz\/wp-content\/uploads\/2022\/11\/RK_2.png\" alt=\"\" class=\"wp-image-242\" srcset=\"https:\/\/www.srpskbely.cz\/wp-content\/uploads\/2022\/11\/RK_2.png 886w, https:\/\/www.srpskbely.cz\/wp-content\/uploads\/2022\/11\/RK_2-300x281.png 300w, https:\/\/www.srpskbely.cz\/wp-content\/uploads\/2022\/11\/RK_2-768x719.png 768w\" sizes=\"(max-width: 886px) 100vw, 886px\" \/><\/figure>\n\n\n\n<figure class=\"wp-block-image size-large\"><img decoding=\"async\" loading=\"lazy\" width=\"848\" height=\"818\" data-id=\"241\"  src=\"https:\/\/www.srpskbely.cz\/wp-content\/uploads\/2022\/11\/RK_3.png\" alt=\"\" class=\"wp-image-241\" srcset=\"https:\/\/www.srpskbely.cz\/wp-content\/uploads\/2022\/11\/RK_3.png 848w, https:\/\/www.srpskbely.cz\/wp-content\/uploads\/2022\/11\/RK_3-300x289.png 300w, https:\/\/www.srpskbely.cz\/wp-content\/uploads\/2022\/11\/RK_3-768x741.png 768w\" sizes=\"(max-width: 848px) 100vw, 848px\" \/><\/figure>\n<\/figure>\n","protected":false},"excerpt":{"rendered":"<p>Projekty vznikaj\u00ed z iniciativy \u010dlen\u016f SRP\u0160 na z\u00e1klad\u011b domluvy se z\u00e1stupci \u0161koly. Ka\u017ed\u00fd projekt m\u00e1 sv\u00e9ho koordin\u00e1tora, kter\u00fd \u00fazce spolupracuje se z\u00e1stupci \u0161koly a d\u011btmi na realizaci. Ned\u00edlnou sou\u010d\u00e1st\u00ed pr\u00e1ce SRP\u0160 je administrace p\u00e1rov\u00e9 v\u00fduky, kter\u00e1 prob\u00edh\u00e1 ve t\u0159\u00edd\u00e1ch s programem Za\u010d\u00edt spolu. CO U\u017d PROB\u011aHLO A JAK GRAFICK\u00c1 J\u00cdDELNA &#8211; 14. 11 2024 \u0160koln\u00ed [&hellip;]<\/p>\n","protected":false},"author":1,"featured_media":0,"parent":0,"menu_order":0,"comment_status":"closed","ping_status":"closed","template":"","meta":[],"_links":{"self":[{"href":"https:\/\/www.srpskbely.cz\/index.php?rest_route=\/wp\/v2\/pages\/45"}],"collection":[{"href":"https:\/\/www.srpskbely.cz\/index.php?rest_route=\/wp\/v2\/pages"}],"about":[{"href":"https:\/\/www.srpskbely.cz\/index.php?rest_route=\/wp\/v2\/types\/page"}],"author":[{"embeddable":true,"href":"https:\/\/www.srpskbely.cz\/index.php?rest_route=\/wp\/v2\/users\/1"}],"replies":[{"embeddable":true,"href":"https:\/\/www.srpskbely.cz\/index.php?rest_route=%2Fwp%2Fv2%2Fcomments&post=45"}],"version-history":[{"count":5,"href":"https:\/\/www.srpskbely.cz\/index.php?rest_route=\/wp\/v2\/pages\/45\/revisions"}],"predecessor-version":[{"id":713,"href":"https:\/\/www.srpskbely.cz\/index.php?rest_route=\/wp\/v2\/pages\/45\/revisions\/713"}],"wp:attachment":[{"href":"https:\/\/www.srpskbely.cz\/index.php?rest_route=%2Fwp%2Fv2%2Fmedia&parent=45"}],"curies":[{"name":"wp","href":"https:\/\/api.w.org\/{rel}","templated":true}]}}