{"id":506,"date":"2023-10-12T21:21:39","date_gmt":"2023-10-12T19:21:39","guid":{"rendered":"https:\/\/www.srpskbely.cz\/?page_id=506"},"modified":"2026-02-07T15:33:34","modified_gmt":"2026-02-07T14:33:34","slug":"aktualne","status":"publish","type":"page","link":"https:\/\/www.srpskbely.cz\/?page_id=506","title":{"rendered":"Aktu\u00e1ln\u011b"},"content":{"rendered":"\n<h2><strong>Pozv\u00e1nka na dal\u0161\u00ed rodi\u010dovskou kav\u00e1rnu na t\u00e9ma Va\u0161e d\u00edt\u011b na internetu: Jste je\u0161t\u011b rodi\u010dem, nebo u\u017e jen div\u00e1kem?<\/strong><\/h2>\n\n\n\n<figure class=\"wp-block-image size-large is-resized\"><img decoding=\"async\" loading=\"lazy\" src=\"https:\/\/www.srpskbely.cz\/wp-content\/uploads\/2026\/02\/Vase-dite-na-internetu-Jste-jeste-jeho-rodicem-nebo-uz-jen-divakem-724x1024.jpg\" alt=\"\" class=\"wp-image-888\" width=\"543\" height=\"768\" srcset=\"https:\/\/www.srpskbely.cz\/wp-content\/uploads\/2026\/02\/Vase-dite-na-internetu-Jste-jeste-jeho-rodicem-nebo-uz-jen-divakem-724x1024.jpg 724w, https:\/\/www.srpskbely.cz\/wp-content\/uploads\/2026\/02\/Vase-dite-na-internetu-Jste-jeste-jeho-rodicem-nebo-uz-jen-divakem-212x300.jpg 212w, https:\/\/www.srpskbely.cz\/wp-content\/uploads\/2026\/02\/Vase-dite-na-internetu-Jste-jeste-jeho-rodicem-nebo-uz-jen-divakem-768x1087.jpg 768w, https:\/\/www.srpskbely.cz\/wp-content\/uploads\/2026\/02\/Vase-dite-na-internetu-Jste-jeste-jeho-rodicem-nebo-uz-jen-divakem-1086x1536.jpg 1086w, https:\/\/www.srpskbely.cz\/wp-content\/uploads\/2026\/02\/Vase-dite-na-internetu-Jste-jeste-jeho-rodicem-nebo-uz-jen-divakem-1448x2048.jpg 1448w, https:\/\/www.srpskbely.cz\/wp-content\/uploads\/2026\/02\/Vase-dite-na-internetu-Jste-jeste-jeho-rodicem-nebo-uz-jen-divakem-scaled.jpg 1809w\" sizes=\"(max-width: 543px) 100vw, 543px\" \/><\/figure>\n\n\n\n<h2><strong>Rodi\u010dovsk\u00e1 kav\u00e1rna na t\u00e9ma Kluci jsou z Marsu, holky z Venu\u0161e &#8230; u\u017e od \u0161kolky<\/strong><\/h2>\n\n\n\n<p>Koncem ledna prob\u011bhlo dal\u0161\u00ed setk\u00e1n\u00ed, tentokr\u00e1t s Mari\u00ed Macounovou a Luci\u00ed Smol\u00edkovou z Rodinn\u00e9ho centra Praha na t\u00e9ma <strong>\u201eKluci jsou z Marsu, holky z Venu\u0161e\u2026 u\u017e od \u0161kolky\u201c<\/strong>. Dozv\u011bd\u011bli jsme se, jak v\u00fdrazn\u011b se li\u0161\u00ed v\u00fdvoj mozku a odbour\u00e1v\u00e1n\u00ed stresu u obou pohlav\u00ed a pro\u010d je d\u016fle\u017eit\u00e9 tuto jinakost respektovat. Velk\u00fdm t\u00e9matem byla psychick\u00e1 odolnost a varov\u00e1n\u00ed p\u0159ed \u201elevn\u00fdm\u201c dopaminem z elektroniky, kter\u00fd je d\u016fle\u017eit\u00e9 nahrazovat spole\u010dn\u00fdmi z\u00e1\u017eitky a sportem. Lektorky tak\u00e9 zd\u016fraznily, \u017ee kl\u00ed\u010dovou roli hraje naslouch\u00e1n\u00ed a \u010das v\u011bnovan\u00fd jedine\u010dnosti ka\u017ed\u00e9ho d\u00edt\u011bte pro vytvo\u0159en\u00ed rodiny jako zdrav\u00e9ho tr\u00e9ninkov\u00e9ho prostoru pro \u017eivot.<\/p>\n\n\n\n<h2><strong>Kreativn\u00ed workshop<\/strong><\/h2>\n\n\n\n<p>V prosinci se j\u00eddelna&nbsp;<a rel=\"noreferrer noopener\" href=\"https:\/\/www.facebook.com\/skola.kbely?__cft__%5b0%5d=AZbQ2jv-hl2Q88NJTqgE1IZ6pAsYaKW-GfoOPu_URL1-YNxPVk_MQt6Ez3OIOnrTF7gZxLgdXmXxmsHhSawF1JuDPi9rxRUsIoAZfSBOSYZp4Ix5LlkVJrdfbDVO_99W099W0bQdWwtdfx2UIWgwpCE2uslFpjiyCCATTPi990bwuBGlSAVmK13v7Ei1eho6ejg&amp;__tn__=-%5dK-R\" target=\"_blank\">Z\u0160 Kbely<\/a> op\u011bt prom\u011bnila v ob\u0159\u00ed v\u00fdtvarn\u00fd ateli\u00e9r pln\u00fd kreativity a rozz\u00e1\u0159ila se barvami! D\u011bti se s chut\u00ed vrhly do tvo\u0159en\u00ed, nechaly se un\u00e9st akrylov\u00fdmi&nbsp;barvami a s obdivuhodnou trp\u011blivost\u00ed vytv\u00e1\u0159ely vlastn\u00ed mal\u00e9 z\u00e1zraky. A ty \u00fasm\u011bvy p\u0159i odchodu? K nezaplacen\u00ed. Pr\u00e1v\u011b proto takov\u00e9 akce&nbsp;<a rel=\"noreferrer noopener\" href=\"https:\/\/www.facebook.com\/srps.prahakbely?__cft__%5b0%5d=AZbQ2jv-hl2Q88NJTqgE1IZ6pAsYaKW-GfoOPu_URL1-YNxPVk_MQt6Ez3OIOnrTF7gZxLgdXmXxmsHhSawF1JuDPi9rxRUsIoAZfSBOSYZp4Ix5LlkVJrdfbDVO_99W099W0bQdWwtdfx2UIWgwpCE2uslFpjiyCCATTPi990bwuBGlSAVmK13v7Ei1eho6ejg&amp;__tn__=-%5dK-R\" target=\"_blank\">SRP\u0160&nbsp;Praha Kbely<\/a>&nbsp;d\u011bl\u00e1 \u2013 proto\u017ee radost z tvo\u0159en\u00ed je prost\u011b naka\u017eliv\u00e1.&nbsp;<img decoding=\"async\" loading=\"lazy\" width=\"16\" height=\"16\" src=\"blob:https:\/\/www.srpskbely.cz\/83ed2566-9816-43cc-ad5e-912f9cc3e088\" alt=\"\ud83c\udfa8\"><img decoding=\"async\" loading=\"lazy\" width=\"16\" height=\"16\" src=\"blob:https:\/\/www.srpskbely.cz\/57465275-a94b-474c-9b50-0de1b2907c3f\" alt=\"\u2728\"><\/p>\n\n\n\n<p>Obrovsk\u00e9 pod\u011bkov\u00e1n\u00ed pat\u0159\u00ed Kbelsk\u00fd ateli\u00e9r a&nbsp;<a rel=\"noreferrer noopener\" href=\"https:\/\/www.facebook.com\/profile.php?id=1333511905&amp;__cft__%5b0%5d=AZbQ2jv-hl2Q88NJTqgE1IZ6pAsYaKW-GfoOPu_URL1-YNxPVk_MQt6Ez3OIOnrTF7gZxLgdXmXxmsHhSawF1JuDPi9rxRUsIoAZfSBOSYZp4Ix5LlkVJrdfbDVO_99W099W0bQdWwtdfx2UIWgwpCE2uslFpjiyCCATTPi990bwuBGlSAVmK13v7Ei1eho6ejg&amp;__tn__=-%5dK-R\" target=\"_blank\">Monika Brchelov\u00e1<\/a>&nbsp;za skv\u011bl\u00e9 veden\u00ed, inspiraci a podporu. Bylo to par\u00e1dn\u00ed a v\u011b\u0159\u00edme, \u017ee si d\u011bti odnesly nejen kr\u00e1sn\u00e9 obr\u00e1zky, ale hlavn\u011b skv\u011bl\u00e9 z\u00e1\u017eitky.&nbsp;<img decoding=\"async\" loading=\"lazy\" width=\"16\" height=\"16\" src=\"blob:https:\/\/www.srpskbely.cz\/249aa5c1-ab45-412f-ac95-d06d770e20a2\" alt=\"\ud83d\udc9b\"><\/p>\n\n\n\n<figure class=\"wp-block-image size-large is-resized\"><img decoding=\"async\" loading=\"lazy\" src=\"https:\/\/www.srpskbely.cz\/wp-content\/uploads\/2026\/01\/Kreativni_dilna_1-1-1024x577.jpg\" alt=\"\" class=\"wp-image-879\" width=\"512\" height=\"289\" srcset=\"https:\/\/www.srpskbely.cz\/wp-content\/uploads\/2026\/01\/Kreativni_dilna_1-1-1024x577.jpg 1024w, https:\/\/www.srpskbely.cz\/wp-content\/uploads\/2026\/01\/Kreativni_dilna_1-1-300x169.jpg 300w, https:\/\/www.srpskbely.cz\/wp-content\/uploads\/2026\/01\/Kreativni_dilna_1-1-768x432.jpg 768w, https:\/\/www.srpskbely.cz\/wp-content\/uploads\/2026\/01\/Kreativni_dilna_1-1-1536x865.jpg 1536w, https:\/\/www.srpskbely.cz\/wp-content\/uploads\/2026\/01\/Kreativni_dilna_1-1.jpg 2048w\" sizes=\"(max-width: 512px) 100vw, 512px\" \/><\/figure>\n\n\n\n<figure class=\"wp-block-image size-large is-resized\"><img decoding=\"async\" loading=\"lazy\" src=\"https:\/\/www.srpskbely.cz\/wp-content\/uploads\/2026\/01\/Kreativni_dilna_3-1024x577.jpg\" alt=\"\" class=\"wp-image-871\" width=\"512\" height=\"289\" srcset=\"https:\/\/www.srpskbely.cz\/wp-content\/uploads\/2026\/01\/Kreativni_dilna_3-1024x577.jpg 1024w, https:\/\/www.srpskbely.cz\/wp-content\/uploads\/2026\/01\/Kreativni_dilna_3-300x169.jpg 300w, https:\/\/www.srpskbely.cz\/wp-content\/uploads\/2026\/01\/Kreativni_dilna_3-768x432.jpg 768w, https:\/\/www.srpskbely.cz\/wp-content\/uploads\/2026\/01\/Kreativni_dilna_3-1536x865.jpg 1536w, https:\/\/www.srpskbely.cz\/wp-content\/uploads\/2026\/01\/Kreativni_dilna_3.jpg 2048w\" sizes=\"(max-width: 512px) 100vw, 512px\" \/><\/figure>\n\n\n\n<figure class=\"wp-block-image size-large is-resized\"><img decoding=\"async\" loading=\"lazy\" src=\"https:\/\/www.srpskbely.cz\/wp-content\/uploads\/2026\/01\/Kreativni_dilna_2-1024x577.jpg\" alt=\"\" class=\"wp-image-870\" width=\"512\" height=\"289\" srcset=\"https:\/\/www.srpskbely.cz\/wp-content\/uploads\/2026\/01\/Kreativni_dilna_2-1024x577.jpg 1024w, https:\/\/www.srpskbely.cz\/wp-content\/uploads\/2026\/01\/Kreativni_dilna_2-300x169.jpg 300w, https:\/\/www.srpskbely.cz\/wp-content\/uploads\/2026\/01\/Kreativni_dilna_2-768x432.jpg 768w, https:\/\/www.srpskbely.cz\/wp-content\/uploads\/2026\/01\/Kreativni_dilna_2-1536x865.jpg 1536w, https:\/\/www.srpskbely.cz\/wp-content\/uploads\/2026\/01\/Kreativni_dilna_2.jpg 2048w\" sizes=\"(max-width: 512px) 100vw, 512px\" \/><\/figure>\n\n\n\n<figure class=\"wp-block-image size-large is-resized\"><img decoding=\"async\" loading=\"lazy\" src=\"https:\/\/www.srpskbely.cz\/wp-content\/uploads\/2026\/01\/Kreativni_dilna_5_jpg-1024x577.jpg\" alt=\"\" class=\"wp-image-873\" width=\"512\" height=\"289\" srcset=\"https:\/\/www.srpskbely.cz\/wp-content\/uploads\/2026\/01\/Kreativni_dilna_5_jpg-1024x577.jpg 1024w, https:\/\/www.srpskbely.cz\/wp-content\/uploads\/2026\/01\/Kreativni_dilna_5_jpg-300x169.jpg 300w, https:\/\/www.srpskbely.cz\/wp-content\/uploads\/2026\/01\/Kreativni_dilna_5_jpg-768x432.jpg 768w, https:\/\/www.srpskbely.cz\/wp-content\/uploads\/2026\/01\/Kreativni_dilna_5_jpg-1536x865.jpg 1536w, https:\/\/www.srpskbely.cz\/wp-content\/uploads\/2026\/01\/Kreativni_dilna_5_jpg.jpg 2048w\" sizes=\"(max-width: 512px) 100vw, 512px\" \/><\/figure>\n\n\n\n<figure class=\"wp-block-image size-large is-resized\"><img decoding=\"async\" loading=\"lazy\" src=\"https:\/\/www.srpskbely.cz\/wp-content\/uploads\/2026\/01\/Kreativni_dilna_4-1024x577.jpg\" alt=\"\" class=\"wp-image-872\" width=\"512\" height=\"289\" srcset=\"https:\/\/www.srpskbely.cz\/wp-content\/uploads\/2026\/01\/Kreativni_dilna_4-1024x577.jpg 1024w, https:\/\/www.srpskbely.cz\/wp-content\/uploads\/2026\/01\/Kreativni_dilna_4-300x169.jpg 300w, https:\/\/www.srpskbely.cz\/wp-content\/uploads\/2026\/01\/Kreativni_dilna_4-768x432.jpg 768w, https:\/\/www.srpskbely.cz\/wp-content\/uploads\/2026\/01\/Kreativni_dilna_4-1536x865.jpg 1536w, https:\/\/www.srpskbely.cz\/wp-content\/uploads\/2026\/01\/Kreativni_dilna_4.jpg 2048w\" sizes=\"(max-width: 512px) 100vw, 512px\" \/><\/figure>\n\n\n\n<h2><strong>Rodi\u010dovsk\u00e1 kav\u00e1rna &#8211; Kl\u00ed\u010d k du\u0161evn\u00edmu zdrav\u00ed d\u011bt\u00ed<\/strong><\/h2>\n\n\n\n<p>Ve&nbsp;\u010dtvrtek 13. listopadu se j\u00eddelna star\u00e9 budovy&nbsp;<a rel=\"noreferrer noopener\" href=\"https:\/\/www.facebook.com\/skola.kbely?__cft__%5b0%5d=AZYrG8nDIJ3caTeHO4tIGIEFxAHxsw7FVJZErJlQ_le1WM3u1nglTMQggwAUCOmoJx64STVtiU54ESK51o2ogGvmMOvfZkxFYYCu2qK_c5Thful6ZxYOQMehhIPAQDoJOa0LnSNtcwmzcilJGX09RmDNcp0FyAOAi1NYtyR_xTkcL85VcSH37wkYiUvLtMfv8xo&amp;__tn__=-%5dK-R\" target=\"_blank\">Z\u0160 Kbely<\/a>&nbsp;zcela zaplnila rodi\u010di, kte\u0159\u00ed p\u0159i\u0161li Rodi\u010dovskou kav\u00e1rnu po\u0159\u00e1danou&nbsp;<a rel=\"noreferrer noopener\" href=\"https:\/\/www.facebook.com\/srps.prahakbely?__cft__%5b0%5d=AZYrG8nDIJ3caTeHO4tIGIEFxAHxsw7FVJZErJlQ_le1WM3u1nglTMQggwAUCOmoJx64STVtiU54ESK51o2ogGvmMOvfZkxFYYCu2qK_c5Thful6ZxYOQMehhIPAQDoJOa0LnSNtcwmzcilJGX09RmDNcp0FyAOAi1NYtyR_xTkcL85VcSH37wkYiUvLtMfv8xo&amp;__tn__=-%5dK-R\" target=\"_blank\">Srp\u0161&nbsp;Praha Kbely<\/a>. D\u011btsk\u00e1 psycholo\u017eka PhDr. Ilona \u0160pa\u0148helov\u00e1 mluvila o tom, jak poznat, \u017ee je d\u00edt\u011b v du\u0161evn\u00ed nepohod\u011b, jak mu pomoci zvl\u00e1dat obavy a jak posilovat jeho sebed\u016fv\u011bru a odolnost. Rodi\u010de si odnesli mnoho praktick\u00fdch tip\u016f \u2013 nap\u0159\u00edklad pravidlo 3S: strava, sport, sp\u00e1nek, d\u016fle\u017eitost ritu\u00e1l\u016f, rozhovor\u016f o emoc\u00edch i pot\u0159ebu digit\u00e1ln\u00edho detoxu p\u0159ed span\u00edm.<\/p>\n\n\n\n<figure class=\"wp-block-image size-large is-resized\"><img decoding=\"async\" loading=\"lazy\" src=\"https:\/\/www.srpskbely.cz\/wp-content\/uploads\/2026\/01\/Kavarna_listopad-1024x577.jpg\" alt=\"\" class=\"wp-image-875\" width=\"512\" height=\"289\" srcset=\"https:\/\/www.srpskbely.cz\/wp-content\/uploads\/2026\/01\/Kavarna_listopad-1024x577.jpg 1024w, https:\/\/www.srpskbely.cz\/wp-content\/uploads\/2026\/01\/Kavarna_listopad-300x169.jpg 300w, https:\/\/www.srpskbely.cz\/wp-content\/uploads\/2026\/01\/Kavarna_listopad-768x432.jpg 768w, https:\/\/www.srpskbely.cz\/wp-content\/uploads\/2026\/01\/Kavarna_listopad-1536x865.jpg 1536w, https:\/\/www.srpskbely.cz\/wp-content\/uploads\/2026\/01\/Kavarna_listopad.jpg 2048w\" sizes=\"(max-width: 512px) 100vw, 512px\" \/><\/figure>\n\n\n\n<h2><strong>Rodi\u010dovsk\u00e1 kav\u00e1rna na t\u00e9ma &#8222;Od gau\u010de k aktivit\u011b aneb jak motivovat d\u011bti&#8220;<\/strong><\/h2>\n\n\n\n<p>21.10.2025 prob\u011bhla rodi\u010dovsk\u00e1 kav\u00e1rna na t\u00e9ma \u201eOd gau\u010de k&nbsp;aktivit\u011b aneb jak motivovat d\u011bti\u201c. Ren\u00e1ta Schlezingerov\u00e1 n\u00e1m doporu\u010dila pou\u017e\u00edvat zejm\u00e9na pozitivn\u00ed formulace a pt\u00e1t se d\u011bt\u00ed aktivn\u00ed ot\u00e1zky spr\u00e1vnou tonalitou hlasu, ne vy\u010d\u00edtav\u011b. Vn\u011bj\u0161\u00ed motivac\u00ed (nap\u0159. odm\u011bny, tresty, tlak, hodnocen\u00ed) se n\u00e1m nepoda\u0159\u00ed motivovat d\u011bti dlouhodob\u011b, naopak vnit\u0159n\u00ed motivace (nap\u0159. pocit kompetence, vztah, znalost smyslu, kreativita, radost) je daleko \u00fa\u010dinn\u011bj\u0161\u00ed.<\/p>\n\n\n\n<p>D\u011bti pot\u0159ebuj\u00ed na\u0161\u00ed pravidelnou koncentrovanou pozornost, minim\u00e1ln\u011b 10 minut denn\u011b. Je d\u016fle\u017eit\u00e9 chv\u00e1lit i snahu, proto\u017ee to je to jedin\u00e9, co m\u00e1 d\u00edt\u011b pod kontrolou. Pro n\u00e1s rodi\u010de je \u010dasto v\u00fdzva d\u016fsledn\u011b vytrvat, i kdy\u017e nastanou n\u00e1ro\u010dn\u00e9 situace. Rozvinula se debata kolem odpov\u011bdnost\u00ed d\u011bt\u00ed za sv\u00e9 sva\u010diny a pran\u00ed pr\u00e1dla, jedna maminka toto zavedla u v\u0161ech d\u011bt\u00ed od 12 let.<\/p>\n\n\n\n<p>Kdy\u017e d\u00edt\u011b neposlouch\u00e1 a nechce b\u00fdt aktivn\u00ed, je d\u016fle\u017eit\u00e9 se d\u00edt\u011bte spr\u00e1vn\u011b pt\u00e1t, pou\u017e\u00edvat ticho, spr\u00e1vnou tonalitu a hlasu a opakovan\u011b d\u011btem vysv\u011btlovat (nap\u0159. jak se spr\u00e1vn\u011b t\u0159\u00edd\u00ed pr\u00e1dlo nebo chyst\u00e1 sva\u010dina), aby byly samostatn\u00e9.<\/p>\n\n\n\n<p>Lektorka n\u00e1m doporu\u010dila knihu od R. Kiyosaki&nbsp;<em>&#8211; Pro\u010d jedni\u010dk\u00e1\u0159i pracuj\u00ed pro trojka\u0159e a dvojka\u0159i pro st\u00e1tn\u00ed spr\u00e1vu<\/em><\/p>\n\n\n\n<figure class=\"wp-block-image size-large is-resized\"><img decoding=\"async\" loading=\"lazy\" src=\"https:\/\/www.srpskbely.cz\/wp-content\/uploads\/2025\/10\/21.10._Kavarna_6-768x1024.jpeg\" alt=\"\" class=\"wp-image-860\" width=\"411\" height=\"549\" srcset=\"https:\/\/www.srpskbely.cz\/wp-content\/uploads\/2025\/10\/21.10._Kavarna_6-768x1024.jpeg 768w, https:\/\/www.srpskbely.cz\/wp-content\/uploads\/2025\/10\/21.10._Kavarna_6-225x300.jpeg 225w, https:\/\/www.srpskbely.cz\/wp-content\/uploads\/2025\/10\/21.10._Kavarna_6-1152x1536.jpeg 1152w, https:\/\/www.srpskbely.cz\/wp-content\/uploads\/2025\/10\/21.10._Kavarna_6.jpeg 1536w\" sizes=\"(max-width: 411px) 100vw, 411px\" \/><\/figure>\n\n\n\n<figure class=\"wp-block-image size-large is-resized\"><img decoding=\"async\" loading=\"lazy\" src=\"https:\/\/www.srpskbely.cz\/wp-content\/uploads\/2025\/10\/21.10._Kavarna_5-1024x768.jpeg\" alt=\"\" class=\"wp-image-859\" width=\"409\" height=\"306\" srcset=\"https:\/\/www.srpskbely.cz\/wp-content\/uploads\/2025\/10\/21.10._Kavarna_5-1024x768.jpeg 1024w, https:\/\/www.srpskbely.cz\/wp-content\/uploads\/2025\/10\/21.10._Kavarna_5-300x225.jpeg 300w, https:\/\/www.srpskbely.cz\/wp-content\/uploads\/2025\/10\/21.10._Kavarna_5-768x576.jpeg 768w, https:\/\/www.srpskbely.cz\/wp-content\/uploads\/2025\/10\/21.10._Kavarna_5-1536x1152.jpeg 1536w, https:\/\/www.srpskbely.cz\/wp-content\/uploads\/2025\/10\/21.10._Kavarna_5.jpeg 2048w\" sizes=\"(max-width: 409px) 100vw, 409px\" \/><\/figure>\n\n\n\n<figure class=\"wp-block-image size-large is-resized\"><img decoding=\"async\" loading=\"lazy\" src=\"https:\/\/www.srpskbely.cz\/wp-content\/uploads\/2025\/10\/21.10._Kavarna_4-768x1024.jpeg\" alt=\"\" class=\"wp-image-858\" width=\"410\" height=\"548\" srcset=\"https:\/\/www.srpskbely.cz\/wp-content\/uploads\/2025\/10\/21.10._Kavarna_4-768x1024.jpeg 768w, https:\/\/www.srpskbely.cz\/wp-content\/uploads\/2025\/10\/21.10._Kavarna_4-225x300.jpeg 225w, https:\/\/www.srpskbely.cz\/wp-content\/uploads\/2025\/10\/21.10._Kavarna_4-1152x1536.jpeg 1152w, https:\/\/www.srpskbely.cz\/wp-content\/uploads\/2025\/10\/21.10._Kavarna_4.jpeg 1536w\" sizes=\"(max-width: 410px) 100vw, 410px\" \/><\/figure>\n\n\n\n<figure class=\"wp-block-image size-large is-resized\"><img decoding=\"async\" loading=\"lazy\" src=\"https:\/\/www.srpskbely.cz\/wp-content\/uploads\/2025\/10\/21.10._Kavarna_3-1024x768.jpeg\" alt=\"\" class=\"wp-image-857\" width=\"409\" height=\"307\" srcset=\"https:\/\/www.srpskbely.cz\/wp-content\/uploads\/2025\/10\/21.10._Kavarna_3-1024x768.jpeg 1024w, https:\/\/www.srpskbely.cz\/wp-content\/uploads\/2025\/10\/21.10._Kavarna_3-300x225.jpeg 300w, https:\/\/www.srpskbely.cz\/wp-content\/uploads\/2025\/10\/21.10._Kavarna_3-768x576.jpeg 768w, https:\/\/www.srpskbely.cz\/wp-content\/uploads\/2025\/10\/21.10._Kavarna_3-1536x1152.jpeg 1536w, https:\/\/www.srpskbely.cz\/wp-content\/uploads\/2025\/10\/21.10._Kavarna_3.jpeg 2048w\" sizes=\"(max-width: 409px) 100vw, 409px\" \/><\/figure>\n\n\n\n<figure class=\"wp-block-image size-large is-resized\"><img decoding=\"async\" loading=\"lazy\" src=\"https:\/\/www.srpskbely.cz\/wp-content\/uploads\/2025\/10\/21.10._Kavarna_2-1024x768.jpeg\" alt=\"\" class=\"wp-image-856\" width=\"408\" height=\"306\" srcset=\"https:\/\/www.srpskbely.cz\/wp-content\/uploads\/2025\/10\/21.10._Kavarna_2-1024x768.jpeg 1024w, https:\/\/www.srpskbely.cz\/wp-content\/uploads\/2025\/10\/21.10._Kavarna_2-300x225.jpeg 300w, https:\/\/www.srpskbely.cz\/wp-content\/uploads\/2025\/10\/21.10._Kavarna_2-768x576.jpeg 768w, https:\/\/www.srpskbely.cz\/wp-content\/uploads\/2025\/10\/21.10._Kavarna_2-1536x1152.jpeg 1536w, https:\/\/www.srpskbely.cz\/wp-content\/uploads\/2025\/10\/21.10._Kavarna_2.jpeg 2048w\" sizes=\"(max-width: 408px) 100vw, 408px\" \/><\/figure>\n\n\n\n<figure class=\"wp-block-image size-large is-resized\"><img decoding=\"async\" loading=\"lazy\" src=\"https:\/\/www.srpskbely.cz\/wp-content\/uploads\/2025\/10\/21.10._Kavarna_1-1024x768.jpeg\" alt=\"\" class=\"wp-image-855\" width=\"409\" height=\"306\" srcset=\"https:\/\/www.srpskbely.cz\/wp-content\/uploads\/2025\/10\/21.10._Kavarna_1-1024x768.jpeg 1024w, https:\/\/www.srpskbely.cz\/wp-content\/uploads\/2025\/10\/21.10._Kavarna_1-300x225.jpeg 300w, https:\/\/www.srpskbely.cz\/wp-content\/uploads\/2025\/10\/21.10._Kavarna_1-768x576.jpeg 768w, https:\/\/www.srpskbely.cz\/wp-content\/uploads\/2025\/10\/21.10._Kavarna_1-1536x1152.jpeg 1536w, https:\/\/www.srpskbely.cz\/wp-content\/uploads\/2025\/10\/21.10._Kavarna_1.jpeg 2048w\" sizes=\"(max-width: 409px) 100vw, 409px\" \/><\/figure>\n\n\n\n<h2><strong>Zahradn\u00ed slavnost<\/strong><\/h2>\n\n\n\n<p>Jednou z akc\u00ed, kterou jsme spole\u010dn\u011b se \u0161kolou zakon\u010dovali \u0161koln\u00ed rok 2024\/25 byla i letos Zahradn\u00ed slavnost. Poj\u010fte se s n\u00e1mi za n\u00ed v kr\u00e1tkosti ohl\u00e9dnout.<\/p>\n\n\n\n<p>Slavnost m\u00e1 ka\u017ed\u00fd rok jin\u00fd symbol, kter\u00fd rozd\u00e1v\u00e1me v\u0161em \u00fa\u010dastn\u00edk\u016fm jako d\u00e1rek v podob\u011b bro\u017ee. Letos to byl knofl\u00edkovo-kyti\u010dkov\u00fd motiv, do kter\u00e9ho se ozdobila i cel\u00e1 \u0161koln\u00ed zahrada. Pro pobaven\u00ed byly p\u0159ipraveny sportovn\u00ed sout\u011b\u017ee, hry o ceny, kreativn\u00ed d\u00edlna a nechyb\u011blo ani malov\u00e1n\u00ed na obli\u010dej a op\u00e9k\u00e1n\u00ed p\u00e1rk\u016f. N\u00e1v\u0161t\u011bvn\u00edk\u016f se se\u0161lo hodn\u011b, tak\u017ee vystupuj\u00edc\u00edm na p\u00f3diu tleskalo opravdu bohat\u00e9 publikum, co\u017e n\u00e1s velmi t\u011b\u0161\u00ed!<\/p>\n\n\n\n<p>D\u016fle\u017eitou sou\u010d\u00e1st\u00ed odpoledne bylo \u0161erpov\u00e1n\u00ed dev\u00e1\u0165\u00e1k\u016f a jejich lou\u010den\u00ed se z\u00e1kladn\u00ed \u0161kolou. Je to velk\u00e1 ud\u00e1lost pro d\u011bti, rodiny i u\u010ditele. V\u017edy je velmi \u00fasm\u011bvn\u00e9 i emotivn\u00ed poslouchat trefn\u00e9 charakteristiky ka\u017ed\u00e9ho jednoho \u017e\u00e1ka z \u00fast jejich t\u0159\u00eddn\u00edho u\u010ditele, stejn\u011b tak jako proslovy t\u0159\u00edd, kter\u00e9 shrnuj\u00ed jednu \u017eivotn\u00ed etapu d\u011bt\u00ed, a ve kter\u00fdch \u010dasto zazn\u00ed i mil\u00e9 pod\u011bkov\u00e1n\u00ed vybran\u00fdm u\u010ditel\u016fm.<br>P\u0159ejeme na\u0161im, te\u010f u\u017e b\u00fdval\u00fdm, dev\u00e1\u0165\u00e1k\u016fm hodn\u011b \u0161t\u011bst\u00ed a \u00fasp\u011bchu v jejich dal\u0161\u00edm studiu a v\u011b\u0159\u00edme, \u017ee si na svou z\u00e1kladku uchovaj\u00ed jen ty hezk\u00e9 vzpom\u00ednky!<\/p>\n\n\n\n<p>Zahradn\u00ed slavnost op\u011bt potvrdila, \u017ee jde o akci, kterou chceme opakovat i v budoucnu. Spolupr\u00e1ce SRP\u0160, \u0161koly, dru\u017einy, CoByDup, M\u010c Kbely a kbelsk\u00fdch hasi\u010d\u016f u\u017e \u0161lape jako hodinky a potvrzuje, \u017ee tento typ komunitn\u00edch akc\u00ed p\u0159in\u00e1\u0161\u00ed radost v\u0161em. Pokud jste nem\u011bli mo\u017enost se Zahradn\u00ed slavnosti z\u00fa\u010dastnit osobn\u011b, nahl\u00e9dn\u011bte do odkazu na fotogalerii <a href=\"https:\/\/eu.zonerama.com\/martinaPe\/album\/13501018\" data-type=\"URL\" data-id=\"https:\/\/eu.zonerama.com\/martinaPe\/album\/13501018\">zde<\/a>. Sledujete i n\u00e1\u0161 FB!<\/p>\n\n\n\n<figure class=\"wp-block-image size-large is-resized\"><img decoding=\"async\" loading=\"lazy\" src=\"https:\/\/www.srpskbely.cz\/wp-content\/uploads\/2025\/07\/Zahradni_slavnost_1_2025-1024x630.jpg\" alt=\"\" class=\"wp-image-831\" width=\"512\" height=\"315\" srcset=\"https:\/\/www.srpskbely.cz\/wp-content\/uploads\/2025\/07\/Zahradni_slavnost_1_2025-1024x630.jpg 1024w, https:\/\/www.srpskbely.cz\/wp-content\/uploads\/2025\/07\/Zahradni_slavnost_1_2025-300x184.jpg 300w, https:\/\/www.srpskbely.cz\/wp-content\/uploads\/2025\/07\/Zahradni_slavnost_1_2025-768x472.jpg 768w, https:\/\/www.srpskbely.cz\/wp-content\/uploads\/2025\/07\/Zahradni_slavnost_1_2025-1536x944.jpg 1536w, https:\/\/www.srpskbely.cz\/wp-content\/uploads\/2025\/07\/Zahradni_slavnost_1_2025-2048x1259.jpg 2048w, https:\/\/www.srpskbely.cz\/wp-content\/uploads\/2025\/07\/Zahradni_slavnost_1_2025-340x210.jpg 340w\" sizes=\"(max-width: 512px) 100vw, 512px\" \/><\/figure>\n\n\n\n<figure class=\"wp-block-image size-large is-resized\"><img decoding=\"async\" loading=\"lazy\" src=\"https:\/\/www.srpskbely.cz\/wp-content\/uploads\/2025\/07\/Zahradni_slavnost_2025-1024x684.jpg\" alt=\"\" class=\"wp-image-828\" width=\"512\" height=\"342\" srcset=\"https:\/\/www.srpskbely.cz\/wp-content\/uploads\/2025\/07\/Zahradni_slavnost_2025-1024x684.jpg 1024w, https:\/\/www.srpskbely.cz\/wp-content\/uploads\/2025\/07\/Zahradni_slavnost_2025-300x200.jpg 300w, https:\/\/www.srpskbely.cz\/wp-content\/uploads\/2025\/07\/Zahradni_slavnost_2025-768x513.jpg 768w, https:\/\/www.srpskbely.cz\/wp-content\/uploads\/2025\/07\/Zahradni_slavnost_2025-1536x1025.jpg 1536w, https:\/\/www.srpskbely.cz\/wp-content\/uploads\/2025\/07\/Zahradni_slavnost_2025-2048x1367.jpg 2048w\" sizes=\"(max-width: 512px) 100vw, 512px\" \/><\/figure>\n\n\n\n<figure class=\"wp-block-image size-large is-resized\"><img decoding=\"async\" loading=\"lazy\" src=\"https:\/\/www.srpskbely.cz\/wp-content\/uploads\/2025\/07\/Zahradni_slavnost_3_2025-1024x684.jpg\" alt=\"\" class=\"wp-image-832\" width=\"512\" height=\"342\" srcset=\"https:\/\/www.srpskbely.cz\/wp-content\/uploads\/2025\/07\/Zahradni_slavnost_3_2025-1024x684.jpg 1024w, https:\/\/www.srpskbely.cz\/wp-content\/uploads\/2025\/07\/Zahradni_slavnost_3_2025-300x200.jpg 300w, https:\/\/www.srpskbely.cz\/wp-content\/uploads\/2025\/07\/Zahradni_slavnost_3_2025-768x513.jpg 768w, https:\/\/www.srpskbely.cz\/wp-content\/uploads\/2025\/07\/Zahradni_slavnost_3_2025-1536x1025.jpg 1536w, https:\/\/www.srpskbely.cz\/wp-content\/uploads\/2025\/07\/Zahradni_slavnost_3_2025-2048x1367.jpg 2048w\" sizes=\"(max-width: 512px) 100vw, 512px\" \/><\/figure>\n\n\n\n<figure class=\"wp-block-image size-large is-resized\"><img decoding=\"async\" loading=\"lazy\" src=\"https:\/\/www.srpskbely.cz\/wp-content\/uploads\/2025\/07\/Zahradni_slavnost_8_2025-1024x684.jpg\" alt=\"\" class=\"wp-image-836\" width=\"512\" height=\"342\" srcset=\"https:\/\/www.srpskbely.cz\/wp-content\/uploads\/2025\/07\/Zahradni_slavnost_8_2025-1024x684.jpg 1024w, https:\/\/www.srpskbely.cz\/wp-content\/uploads\/2025\/07\/Zahradni_slavnost_8_2025-300x200.jpg 300w, https:\/\/www.srpskbely.cz\/wp-content\/uploads\/2025\/07\/Zahradni_slavnost_8_2025-768x513.jpg 768w, https:\/\/www.srpskbely.cz\/wp-content\/uploads\/2025\/07\/Zahradni_slavnost_8_2025-1536x1026.jpg 1536w, https:\/\/www.srpskbely.cz\/wp-content\/uploads\/2025\/07\/Zahradni_slavnost_8_2025-2048x1367.jpg 2048w\" sizes=\"(max-width: 512px) 100vw, 512px\" \/><\/figure>\n\n\n\n<figure class=\"wp-block-image size-large is-resized\"><img decoding=\"async\" loading=\"lazy\" src=\"https:\/\/www.srpskbely.cz\/wp-content\/uploads\/2025\/07\/Zahradni_slavnost_7_2025-1024x684.jpg\" alt=\"\" class=\"wp-image-835\" width=\"512\" height=\"342\" srcset=\"https:\/\/www.srpskbely.cz\/wp-content\/uploads\/2025\/07\/Zahradni_slavnost_7_2025-1024x684.jpg 1024w, https:\/\/www.srpskbely.cz\/wp-content\/uploads\/2025\/07\/Zahradni_slavnost_7_2025-300x200.jpg 300w, https:\/\/www.srpskbely.cz\/wp-content\/uploads\/2025\/07\/Zahradni_slavnost_7_2025-768x513.jpg 768w, https:\/\/www.srpskbely.cz\/wp-content\/uploads\/2025\/07\/Zahradni_slavnost_7_2025-1536x1025.jpg 1536w, https:\/\/www.srpskbely.cz\/wp-content\/uploads\/2025\/07\/Zahradni_slavnost_7_2025-2048x1367.jpg 2048w\" sizes=\"(max-width: 512px) 100vw, 512px\" \/><\/figure>\n\n\n\n<figure class=\"wp-block-image size-large is-resized\"><img decoding=\"async\" loading=\"lazy\" src=\"https:\/\/www.srpskbely.cz\/wp-content\/uploads\/2025\/07\/Zahradni_slavnost_6_2025-1024x683.jpg\" alt=\"\" class=\"wp-image-834\" width=\"512\" height=\"342\" srcset=\"https:\/\/www.srpskbely.cz\/wp-content\/uploads\/2025\/07\/Zahradni_slavnost_6_2025-1024x683.jpg 1024w, https:\/\/www.srpskbely.cz\/wp-content\/uploads\/2025\/07\/Zahradni_slavnost_6_2025-300x200.jpg 300w, https:\/\/www.srpskbely.cz\/wp-content\/uploads\/2025\/07\/Zahradni_slavnost_6_2025-768x513.jpg 768w, https:\/\/www.srpskbely.cz\/wp-content\/uploads\/2025\/07\/Zahradni_slavnost_6_2025-1536x1025.jpg 1536w, https:\/\/www.srpskbely.cz\/wp-content\/uploads\/2025\/07\/Zahradni_slavnost_6_2025-2048x1367.jpg 2048w\" sizes=\"(max-width: 512px) 100vw, 512px\" \/><\/figure>\n\n\n\n<figure class=\"wp-block-image size-large is-resized\"><img decoding=\"async\" loading=\"lazy\" src=\"https:\/\/www.srpskbely.cz\/wp-content\/uploads\/2025\/07\/Zahradni_slavnost_5_2025-1024x684.jpg\" alt=\"\" class=\"wp-image-833\" width=\"512\" height=\"342\" srcset=\"https:\/\/www.srpskbely.cz\/wp-content\/uploads\/2025\/07\/Zahradni_slavnost_5_2025-1024x684.jpg 1024w, https:\/\/www.srpskbely.cz\/wp-content\/uploads\/2025\/07\/Zahradni_slavnost_5_2025-300x200.jpg 300w, https:\/\/www.srpskbely.cz\/wp-content\/uploads\/2025\/07\/Zahradni_slavnost_5_2025-768x513.jpg 768w, https:\/\/www.srpskbely.cz\/wp-content\/uploads\/2025\/07\/Zahradni_slavnost_5_2025-1536x1025.jpg 1536w, https:\/\/www.srpskbely.cz\/wp-content\/uploads\/2025\/07\/Zahradni_slavnost_5_2025-2048x1367.jpg 2048w\" sizes=\"(max-width: 512px) 100vw, 512px\" \/><\/figure>\n\n\n\n<h2><strong>Projekt \u201eUkli\u010fme Kbely\u201c<\/strong><\/h2>\n\n\n\n<p>V leto\u0161n\u00edm \u0161koln\u00edm roce se d\u00edky aktivit\u011b \u0161koln\u00edho parlamentu poda\u0159ilo uskute\u010dnit dva inspirativn\u00ed projekty v r\u00e1mci V\u00fdzvy pro \u0161koln\u00ed parlament. Prvn\u00edm byl sportovn\u00ed turnaj <strong>CUP OF PING-PONG 2025<\/strong>, druh\u00fdm ekologicky zam\u011b\u0159en\u00fd projekt <strong>UKLI\u010eME KBELY<\/strong>, kter\u00fd z\u00edskal podporu ve form\u011b tzv. divok\u00e9 karty.<\/p>\n\n\n\n<p>Autory a hlavn\u00edmi realiz\u00e1tory projektu <strong>Ukli\u010fme Kbely<\/strong> byli \u017e\u00e1kyn\u011b a \u017e\u00e1ci t\u0159\u00eddy 5.E, kte\u0159\u00ed se t\u00e9to v\u00fdzvy zhostili s p\u0159ekvapivou d\u00e1vkou nad\u0161en\u00ed, zodpov\u011bdnosti a p\u0159irozen\u00e9 schopnosti takov\u00e9 akce organizovat. Sv\u00fdm p\u0159\u00edstupem si zaslou\u017eili nejen uzn\u00e1n\u00ed spolu\u017e\u00e1k\u016f, ale i p\u0159edev\u0161\u00edm respekt n\u00e1s dosp\u011bl\u00fdch.<\/p>\n\n\n\n<p>Projekt za\u010dal ofici\u00e1ln\u011b \u2013 p\u0159edsedkyn\u011b t\u0159\u00eddy 5.E podepsala se SRP\u0160 <strong>Smlouvu o financov\u00e1n\u00ed projektu<\/strong>, na jej\u00edm\u017e z\u00e1klad\u011b z\u00edskala t\u0159\u00edda z\u00e1lohu na realizaci ve schv\u00e1len\u00e9 v\u00fd\u0161i. Zav\u00e1zala se nejen projekt zorganizovat, ale tak\u00e9 ho do 30. 6. 2025 \u0159\u00e1dn\u011b vy\u00fa\u010dtovat a zpracovat z\u00e1v\u011bre\u010dn\u00e9 vyhodnocen\u00ed.<\/p>\n\n\n\n<p>A cel\u00e1 t\u0159\u00edda 5.E dost\u00e1la v\u0161emu, co bylo sl\u00edbeno \u2013 s p\u0159ehledem. Zakoupili pytle a rukavice, kter\u00e9 rozdali do jednotliv\u00fdch t\u0159\u00edd, a ka\u017ed\u00e9 t\u0159\u00edd\u011b p\u0159i\u0159adili konkr\u00e9tn\u00ed \u010d\u00e1st Kbel, kterou m\u011bla uklidit. D\u011bti pl\u00e1novaly, organizovaly, komunikovaly \u2013 a p\u0159edev\u0161\u00edm: pracovaly pro n\u011bco, co p\u0159esahuje jejich \u0161koln\u00ed sv\u011bt.<\/p>\n\n\n\n<p>D\u011bti dostaly prostor, mo\u017enost rozhodovat, a tak\u00e9 odpov\u011bdnost \u2013 v\u010detn\u011b finan\u010dn\u00ed podpory od SRP\u0160. A uk\u00e1zaly, \u017ee kdy\u017e jim d\u016fv\u011b\u0159ujeme, dok\u00e1\u017eou velk\u00e9 v\u011bci. Nejen\u017ee nezapomenou na sv\u00e9 okol\u00ed, ale i aktivn\u011b hledaj\u00ed cesty, jak ho zlep\u0161it.<\/p>\n\n\n\n<p>Projekt \u201eUkli\u010fme Kbely\u201c tak nen\u00ed jen o \u010dist\u00e9m okol\u00ed \u0161koly, ale o \u010dist\u00e9m p\u0159\u00edstupu \u2013 k sob\u011b, ke komunit\u011b, ke sv\u011btu. Je d\u016fkazem, \u017ee kdy\u017e d\u011btem d\u00e1me hlas, mohou b\u00fdt nejen sly\u0161et, ale i vid\u011bt. A \u017ee si skute\u010dn\u011b zaslou\u017e\u00ed n\u00e1\u0161 respekt.<\/p>\n\n\n\n<figure class=\"wp-block-image size-large is-resized\"><img decoding=\"async\" loading=\"lazy\" src=\"https:\/\/www.srpskbely.cz\/wp-content\/uploads\/2025\/07\/Uklidme-Kbely-1024x768.jpeg\" alt=\"\" class=\"wp-image-817\" width=\"512\" height=\"384\" srcset=\"https:\/\/www.srpskbely.cz\/wp-content\/uploads\/2025\/07\/Uklidme-Kbely-1024x768.jpeg 1024w, https:\/\/www.srpskbely.cz\/wp-content\/uploads\/2025\/07\/Uklidme-Kbely-300x225.jpeg 300w, https:\/\/www.srpskbely.cz\/wp-content\/uploads\/2025\/07\/Uklidme-Kbely-768x576.jpeg 768w, https:\/\/www.srpskbely.cz\/wp-content\/uploads\/2025\/07\/Uklidme-Kbely-1536x1153.jpeg 1536w, https:\/\/www.srpskbely.cz\/wp-content\/uploads\/2025\/07\/Uklidme-Kbely-2048x1537.jpeg 2048w\" sizes=\"(max-width: 512px) 100vw, 512px\" \/><\/figure>\n\n\n\n<h2>Projektov\u00e1 v\u00fdzva SRP\u0160 &#8211; <strong>CUP OF PING-PONG 2025<\/strong><\/h2>\n\n\n\n<p>Dal\u0161\u00edm akc\u00ed v r\u00e1mci projektov\u00e9 v\u00fdzvy SRP\u0160 byl pingpongov\u00fd turnaj. O organizaci t\u00e9to akce se postarali \u017e\u00e1ci ze 4. A a 5. A, kte\u0159\u00ed svou pe\u010dlivost\u00ed a nad\u0161en\u00edm dok\u00e1zali zvl\u00e1dnout skute\u010dn\u011b n\u00e1ro\u010dn\u00fd \u00fakol. Pro v\u011bt\u0161inu z\u00fa\u010dastn\u011bn\u00fdch \u017e\u00e1k\u016f \u0161lo toti\u017e o v\u016fbec prvn\u00ed velkou sportovn\u00ed akci, kterou nejen hr\u00e1li, ale p\u0159edev\u0161\u00edm sami pl\u00e1novali a organiza\u010dn\u011b \u0159\u00eddili s pomoc\u00ed sv\u00fdch vyu\u010duj\u00edc\u00edch.<\/p>\n\n\n\n<p>Do turnaje se p\u0159ihl\u00e1silo \u00factyhodn\u00fdch 94 hr\u00e1\u010d\u016f ze v\u0161ech ro\u010dn\u00edk\u016f \u2013 od prv\u0148\u00e1k\u016f a\u017e po dev\u00e1\u0165\u00e1ky, p\u0159i\u010dem\u017e samostatnou kategorii m\u011bli tak\u00e9 dosp\u011bl\u00ed zam\u011bstnanci \u0161koly. Registrace hr\u00e1\u010d\u016f prob\u011bhla v prvn\u00ed polovin\u011b kv\u011btna a samotn\u00e9 z\u00e1pasy se rozb\u011bhly hned vz\u00e1p\u011bt\u00ed. Utk\u00e1n\u00ed se odehr\u00e1vala p\u0159ev\u00e1\u017en\u011b b\u011bhem velk\u00fdch p\u0159est\u00e1vek, n\u011bkter\u00e1 i o mal\u00fdch, co\u017e vy\u017eadovalo od organiz\u00e1tor\u016f pe\u010dliv\u00e9 pl\u00e1nov\u00e1n\u00ed a flexibilitu.<\/p>\n\n\n\n<p>\u017d\u00e1ci zaji\u0161\u0165ovali nejen samotnou registraci, ale tak\u00e9 vykon\u00e1vali roli rozhod\u010d\u00edch a sami zapisovali v\u00fdsledky jednotliv\u00fdch z\u00e1pas\u016f. Prakticky si tak vyzkou\u0161eli v\u0161echny organiza\u010dn\u00ed i sportovn\u00ed aspekty sout\u011b\u017ee. D\u00edky jejich \u00fasil\u00ed prob\u011bhl turnaj hladce a poda\u0159ilo se odehr\u00e1t v\u0161echny pl\u00e1novan\u00e9 z\u00e1pasy nap\u0159\u00ed\u010d v\u011bkov\u00fdmi kategoriemi.<\/p>\n\n\n\n<p>Vyhl\u00e1\u0161en\u00ed v\u00edt\u011bz\u016f jednotliv\u00fdch kategori\u00ed a slavnostn\u00ed p\u0159ed\u00e1n\u00ed cen v podob\u011b sad p\u00e1lek a m\u00ed\u010dk\u016f prob\u011bhlo b\u011bhem zahradn\u00ed slavnosti \u0161koly 23. \u010dervna 2025. Cel\u00e1 akce nejen\u017ee p\u0159inesla radost z pohybu a nap\u00ednav\u00e9 sportovn\u00ed z\u00e1\u017eitky, ale tak\u00e9 pos\u00edlila t\u00fdmovou spolupr\u00e1ci, samostatnost a zodpov\u011bdnost mlad\u00fdch organiz\u00e1tor\u016f. Ping-pongov\u00fd turnaj se tak stal inspirac\u00ed pro dal\u0161\u00ed spole\u010dn\u00e9 aktivity a uk\u00e1zal, \u017ee i mlad\u00ed \u017e\u00e1ci dok\u00e1\u017eou zvl\u00e1dnout velk\u00e9 projekty, kdy\u017e se spoj\u00ed a vz\u00e1jemn\u011b podporuj\u00ed.<\/p>\n\n\n\n<figure class=\"wp-block-image size-large is-resized\"><img decoding=\"async\" loading=\"lazy\" src=\"https:\/\/www.srpskbely.cz\/wp-content\/uploads\/2025\/07\/Pingpongovy_turnaj_2-1024x768.jpg\" alt=\"\" class=\"wp-image-820\" width=\"512\" height=\"384\" srcset=\"https:\/\/www.srpskbely.cz\/wp-content\/uploads\/2025\/07\/Pingpongovy_turnaj_2-1024x768.jpg 1024w, https:\/\/www.srpskbely.cz\/wp-content\/uploads\/2025\/07\/Pingpongovy_turnaj_2-300x225.jpg 300w, https:\/\/www.srpskbely.cz\/wp-content\/uploads\/2025\/07\/Pingpongovy_turnaj_2-768x576.jpg 768w, https:\/\/www.srpskbely.cz\/wp-content\/uploads\/2025\/07\/Pingpongovy_turnaj_2-1536x1152.jpg 1536w, https:\/\/www.srpskbely.cz\/wp-content\/uploads\/2025\/07\/Pingpongovy_turnaj_2-2048x1536.jpg 2048w\" sizes=\"(max-width: 512px) 100vw, 512px\" \/><\/figure>\n\n\n\n<h2>Pozv\u00e1nka na Zahradn\u00ed slavnost 24.6. od 15.00<\/h2>\n\n\n\n<figure class=\"wp-block-image size-full is-resized\"><img decoding=\"async\" loading=\"lazy\" src=\"https:\/\/www.srpskbely.cz\/wp-content\/uploads\/2025\/06\/Zahradni_slavnost_2025.jpg\" alt=\"\" class=\"wp-image-803\" width=\"360\" height=\"509\" srcset=\"https:\/\/www.srpskbely.cz\/wp-content\/uploads\/2025\/06\/Zahradni_slavnost_2025.jpg 720w, https:\/\/www.srpskbely.cz\/wp-content\/uploads\/2025\/06\/Zahradni_slavnost_2025-212x300.jpg 212w\" sizes=\"(max-width: 360px) 100vw, 360px\" \/><\/figure>\n\n\n\n<h2>Rodi\u010dovsk\u00e1 kav\u00e1rna na t\u00e9ma Konflikt jako p\u0159\u00edle\u017eitost<\/h2>\n\n\n\n<p>4. \u010dervna 2025 se konala rodi\u010dovsk\u00e1 kav\u00e1rna na t\u00e9ma Konflikt jako p\u0159\u00edle\u017eitost s Mari\u00ed Macounovou a Luci\u00ed Smol\u00edkovou z Rodinn\u00e9ho centra Praha. K tomu, abychom mohli konflikt zm\u00edrnit nebo se mu vyhnout, je d\u016fle\u017eit\u00e9 zn\u00e1t sami sebe, jak\u00e9 m\u00e1me reakce, a zejm\u00e9na, jak\u00fd m\u00e1me temperament (cholerik, melancholik, sangvinik a flegmatik).<br>Zejm\u00e9na nenapln\u011bn\u00e9 pot\u0159eby a domn\u011bnky jsou \u010dast\u00fdm zdrojem konflikt\u016f, proto\u017ee je \u010dasto bereme jako fakta (nap\u0159. \u201eZ\u00edtra brzy r\u00e1no jedeme na v\u00fdlet.\u201c Pro ka\u017ed\u00e9ho z n\u00e1s \u201ebrzy r\u00e1no\u201c znamen\u00e1 jin\u00fd konkr\u00e9tn\u00ed \u010das).<br>D\u00edky konflikt\u016fm se na sv\u011btlo vynesou t\u00e9mata, kter\u00e1 je pot\u0159eba \u0159e\u0161it. Toto je p\u0159\u00edle\u017eitost, jak se posunout d\u00e1l. Nejhor\u0161\u00ed je, kdy\u017e konflikt nedo\u0159e\u0161\u00edme a nech\u00e1me ho \u201evyml\u010det\u201c.<br>Efektivn\u00ed zp\u016fsob \u0159e\u0161en\u00ed konfliktu je dohoda, nen\u00ed to kompromis, \u00fanik, \u00fatok ani p\u0159izp\u016fsoben\u00ed.<br>Omluva nab\u00edz\u00ed n\u00e1vrat k bl\u00edzkosti a pom\u00e1h\u00e1 l\u00e9\u010dit r\u00e1ny. Efektivn\u00ed zp\u016fsob omluvy je l\u00edtost, o\u0161et\u0159en\u00ed emoc\u00ed, kter\u00e9 jsme zp\u016fsobili, a uzn\u00e1n\u00ed viny.<br>Rozvod b\u00fdv\u00e1 velk\u00fdm zdrojem konflikt\u016f v rodin\u00e1ch. Je opravdu d\u016fle\u017eit\u00e9, aby rodi\u010de nezapomn\u011bli, \u017ee rodi\u010dovstv\u00ed pokra\u010duje d\u00e1l. Ujist\u011bte d\u00edt\u011b, \u017ee za rozvod nem\u016f\u017ee a nen\u00ed vin\u00edk, dovolte d\u00edt\u011bti vyj\u00e1d\u0159it emoce, neslibujte to, co nem\u016f\u017eete splnit, dodr\u017eujte stabiln\u00ed re\u017eim a zejm\u00e9na nekritizujte druh\u00e9ho rodi\u010de.<br>Doporu\u010den\u00ed na z\u00e1v\u011br: Kdy\u017e se rod\u00ed nespokojenost, je pot\u0159eba to \u0159e\u0161it a nenechat probl\u00e9my hromadit.<\/p>\n\n\n\n<p>Koordin\u00e1torka rodi\u010dovsk\u00fdch kav\u00e1ren za SRP\u0160 Mark\u00e9ta Cac\u00e1kov\u00e1<\/p>\n\n\n\n<figure class=\"wp-block-image size-large is-resized\"><img decoding=\"async\" loading=\"lazy\" src=\"https:\/\/www.srpskbely.cz\/wp-content\/uploads\/2025\/06\/Kavarna_1-1024x768.jpg\" alt=\"\" class=\"wp-image-807\" width=\"512\" height=\"384\" srcset=\"https:\/\/www.srpskbely.cz\/wp-content\/uploads\/2025\/06\/Kavarna_1-1024x768.jpg 1024w, https:\/\/www.srpskbely.cz\/wp-content\/uploads\/2025\/06\/Kavarna_1-300x225.jpg 300w, https:\/\/www.srpskbely.cz\/wp-content\/uploads\/2025\/06\/Kavarna_1-768x576.jpg 768w, https:\/\/www.srpskbely.cz\/wp-content\/uploads\/2025\/06\/Kavarna_1-1536x1152.jpg 1536w, https:\/\/www.srpskbely.cz\/wp-content\/uploads\/2025\/06\/Kavarna_1.jpg 1600w\" sizes=\"(max-width: 512px) 100vw, 512px\" \/><\/figure>\n\n\n\n<figure class=\"wp-block-image size-large is-resized\"><img decoding=\"async\" loading=\"lazy\" src=\"https:\/\/www.srpskbely.cz\/wp-content\/uploads\/2025\/06\/kavarna_2-1024x768.jpg\" alt=\"\" class=\"wp-image-808\" width=\"512\" height=\"384\" srcset=\"https:\/\/www.srpskbely.cz\/wp-content\/uploads\/2025\/06\/kavarna_2-1024x768.jpg 1024w, https:\/\/www.srpskbely.cz\/wp-content\/uploads\/2025\/06\/kavarna_2-300x225.jpg 300w, https:\/\/www.srpskbely.cz\/wp-content\/uploads\/2025\/06\/kavarna_2-768x576.jpg 768w, https:\/\/www.srpskbely.cz\/wp-content\/uploads\/2025\/06\/kavarna_2-1536x1152.jpg 1536w, https:\/\/www.srpskbely.cz\/wp-content\/uploads\/2025\/06\/kavarna_2.jpg 1600w\" sizes=\"(max-width: 512px) 100vw, 512px\" \/><\/figure>\n\n\n\n<figure class=\"wp-block-image size-large is-resized\"><img decoding=\"async\" loading=\"lazy\" src=\"https:\/\/www.srpskbely.cz\/wp-content\/uploads\/2025\/06\/Kavarna_3-1024x768.jpg\" alt=\"\" class=\"wp-image-809\" width=\"512\" height=\"384\" srcset=\"https:\/\/www.srpskbely.cz\/wp-content\/uploads\/2025\/06\/Kavarna_3-1024x768.jpg 1024w, https:\/\/www.srpskbely.cz\/wp-content\/uploads\/2025\/06\/Kavarna_3-300x225.jpg 300w, https:\/\/www.srpskbely.cz\/wp-content\/uploads\/2025\/06\/Kavarna_3-768x576.jpg 768w, https:\/\/www.srpskbely.cz\/wp-content\/uploads\/2025\/06\/Kavarna_3-1536x1152.jpg 1536w, https:\/\/www.srpskbely.cz\/wp-content\/uploads\/2025\/06\/Kavarna_3.jpg 1600w\" sizes=\"(max-width: 512px) 100vw, 512px\" \/><\/figure>\n\n\n\n<figure class=\"wp-block-image size-large is-resized\"><img decoding=\"async\" loading=\"lazy\" src=\"https:\/\/www.srpskbely.cz\/wp-content\/uploads\/2025\/06\/Kavarna_4-1024x768.jpg\" alt=\"\" class=\"wp-image-810\" width=\"512\" height=\"384\" srcset=\"https:\/\/www.srpskbely.cz\/wp-content\/uploads\/2025\/06\/Kavarna_4-1024x768.jpg 1024w, https:\/\/www.srpskbely.cz\/wp-content\/uploads\/2025\/06\/Kavarna_4-300x225.jpg 300w, https:\/\/www.srpskbely.cz\/wp-content\/uploads\/2025\/06\/Kavarna_4-768x576.jpg 768w, https:\/\/www.srpskbely.cz\/wp-content\/uploads\/2025\/06\/Kavarna_4-1536x1152.jpg 1536w, https:\/\/www.srpskbely.cz\/wp-content\/uploads\/2025\/06\/Kavarna_4.jpg 1600w\" sizes=\"(max-width: 512px) 100vw, 512px\" \/><\/figure>\n\n\n\n<figure class=\"wp-block-image size-large is-resized\"><img decoding=\"async\" loading=\"lazy\" src=\"https:\/\/www.srpskbely.cz\/wp-content\/uploads\/2025\/06\/Kavarna_5-1024x768.jpg\" alt=\"\" class=\"wp-image-811\" width=\"512\" height=\"384\" srcset=\"https:\/\/www.srpskbely.cz\/wp-content\/uploads\/2025\/06\/Kavarna_5-1024x768.jpg 1024w, https:\/\/www.srpskbely.cz\/wp-content\/uploads\/2025\/06\/Kavarna_5-300x225.jpg 300w, https:\/\/www.srpskbely.cz\/wp-content\/uploads\/2025\/06\/Kavarna_5-768x576.jpg 768w, https:\/\/www.srpskbely.cz\/wp-content\/uploads\/2025\/06\/Kavarna_5-1536x1152.jpg 1536w, https:\/\/www.srpskbely.cz\/wp-content\/uploads\/2025\/06\/Kavarna_5.jpg 1600w\" sizes=\"(max-width: 512px) 100vw, 512px\" \/><\/figure>\n\n\n\n<figure class=\"wp-block-image size-large is-resized\"><img decoding=\"async\" loading=\"lazy\" src=\"https:\/\/www.srpskbely.cz\/wp-content\/uploads\/2025\/06\/Kavarna_6-1024x768.jpg\" alt=\"\" class=\"wp-image-812\" width=\"512\" height=\"384\" srcset=\"https:\/\/www.srpskbely.cz\/wp-content\/uploads\/2025\/06\/Kavarna_6-1024x768.jpg 1024w, https:\/\/www.srpskbely.cz\/wp-content\/uploads\/2025\/06\/Kavarna_6-300x225.jpg 300w, https:\/\/www.srpskbely.cz\/wp-content\/uploads\/2025\/06\/Kavarna_6-768x576.jpg 768w, https:\/\/www.srpskbely.cz\/wp-content\/uploads\/2025\/06\/Kavarna_6-1536x1152.jpg 1536w, https:\/\/www.srpskbely.cz\/wp-content\/uploads\/2025\/06\/Kavarna_6.jpg 1600w\" sizes=\"(max-width: 512px) 100vw, 512px\" \/><\/figure>\n\n\n\n<figure class=\"wp-block-image size-large is-resized\"><img decoding=\"async\" loading=\"lazy\" src=\"https:\/\/www.srpskbely.cz\/wp-content\/uploads\/2025\/06\/Kavarna_7-1024x768.jpg\" alt=\"\" class=\"wp-image-813\" width=\"512\" height=\"384\" srcset=\"https:\/\/www.srpskbely.cz\/wp-content\/uploads\/2025\/06\/Kavarna_7-1024x768.jpg 1024w, https:\/\/www.srpskbely.cz\/wp-content\/uploads\/2025\/06\/Kavarna_7-300x225.jpg 300w, https:\/\/www.srpskbely.cz\/wp-content\/uploads\/2025\/06\/Kavarna_7-768x576.jpg 768w, https:\/\/www.srpskbely.cz\/wp-content\/uploads\/2025\/06\/Kavarna_7-1536x1152.jpg 1536w, https:\/\/www.srpskbely.cz\/wp-content\/uploads\/2025\/06\/Kavarna_7.jpg 1600w\" sizes=\"(max-width: 512px) 100vw, 512px\" \/><\/figure>\n\n\n\n<h2>Profes\u00edm pod pokli\u010dkou<\/h2>\n\n\n\n<p>V dubnu prob\u011bhl ve \u0161kole projekt Profes\u00edm pod pokli\u010dkou za koordinace Martiny Kone\u010dn\u00e9 ze SRP\u0160. P\u0159edn\u00e1\u0161ej\u00edc\u00ed Lenka \u0160ediv\u00e1 p\u0159edstavila svou \u017eivotn\u00ed cestu p\u0159i rozhodov\u00e1n\u00ed se o studiu, l\u00e1sky k cestov\u00e1n\u00ed, fotografov\u00e1n\u00ed, p\u0159ekon\u00e1v\u00e1n\u00ed p\u0159ek\u00e1\u017eek a hlavn\u011b spojen\u00ed jej\u00ed pracovn\u00ed n\u00e1pln\u011b se v\u0161\u00edm co cht\u011bla v \u017eivot\u011b d\u011blat a co j\u00ed bav\u00ed. Jak lze spojit pracovn\u00ed pozici obchodn\u00ed mana\u017eerky s cestov\u00e1n\u00edm po sv\u011bt\u011b. \u017d\u00e1k\u016fm osm\u00fdch&nbsp;t\u0159\u00edd p\u0159edala sv\u00e9 zku\u0161enosti se z\u00edsk\u00e1v\u00e1n\u00edm profese jak u n\u00e1s, tak v zahrani\u010d\u00ed a z\u00e1rove\u0148 jim uk\u00e1zala, \u017ee je d\u016fle\u017eit\u00e9 j\u00edt za sv\u00fdmi sny.&nbsp;<\/p>\n\n\n\n<figure class=\"wp-block-image size-large is-resized\"><img decoding=\"async\" loading=\"lazy\" src=\"https:\/\/www.srpskbely.cz\/wp-content\/uploads\/2025\/05\/495227443_1249540007177754_7392973037973121619_n-1024x768.jpg\" alt=\"\" class=\"wp-image-798\" width=\"512\" height=\"384\" srcset=\"https:\/\/www.srpskbely.cz\/wp-content\/uploads\/2025\/05\/495227443_1249540007177754_7392973037973121619_n-1024x768.jpg 1024w, https:\/\/www.srpskbely.cz\/wp-content\/uploads\/2025\/05\/495227443_1249540007177754_7392973037973121619_n-300x225.jpg 300w, https:\/\/www.srpskbely.cz\/wp-content\/uploads\/2025\/05\/495227443_1249540007177754_7392973037973121619_n-768x576.jpg 768w, https:\/\/www.srpskbely.cz\/wp-content\/uploads\/2025\/05\/495227443_1249540007177754_7392973037973121619_n-1536x1152.jpg 1536w, https:\/\/www.srpskbely.cz\/wp-content\/uploads\/2025\/05\/495227443_1249540007177754_7392973037973121619_n.jpg 1600w\" sizes=\"(max-width: 512px) 100vw, 512px\" \/><\/figure>\n\n\n\n<figure class=\"wp-block-image size-large is-resized\"><img decoding=\"async\" loading=\"lazy\" src=\"https:\/\/www.srpskbely.cz\/wp-content\/uploads\/2025\/05\/495225825_1249539983844423_6720853842470096623_n-1024x578.jpg\" alt=\"\" class=\"wp-image-797\" width=\"512\" height=\"289\" srcset=\"https:\/\/www.srpskbely.cz\/wp-content\/uploads\/2025\/05\/495225825_1249539983844423_6720853842470096623_n-1024x578.jpg 1024w, https:\/\/www.srpskbely.cz\/wp-content\/uploads\/2025\/05\/495225825_1249539983844423_6720853842470096623_n-300x169.jpg 300w, https:\/\/www.srpskbely.cz\/wp-content\/uploads\/2025\/05\/495225825_1249539983844423_6720853842470096623_n-768x433.jpg 768w, https:\/\/www.srpskbely.cz\/wp-content\/uploads\/2025\/05\/495225825_1249539983844423_6720853842470096623_n-1536x867.jpg 1536w, https:\/\/www.srpskbely.cz\/wp-content\/uploads\/2025\/05\/495225825_1249539983844423_6720853842470096623_n.jpg 1600w\" sizes=\"(max-width: 512px) 100vw, 512px\" \/><\/figure>\n\n\n\n<figure class=\"wp-block-image size-large is-resized\"><img decoding=\"async\" loading=\"lazy\" src=\"https:\/\/www.srpskbely.cz\/wp-content\/uploads\/2025\/05\/497438407_1249540077177747_3602095622813462025_n-1024x768.jpg\" alt=\"\" class=\"wp-image-799\" width=\"512\" height=\"384\" srcset=\"https:\/\/www.srpskbely.cz\/wp-content\/uploads\/2025\/05\/497438407_1249540077177747_3602095622813462025_n-1024x768.jpg 1024w, https:\/\/www.srpskbely.cz\/wp-content\/uploads\/2025\/05\/497438407_1249540077177747_3602095622813462025_n-300x225.jpg 300w, https:\/\/www.srpskbely.cz\/wp-content\/uploads\/2025\/05\/497438407_1249540077177747_3602095622813462025_n-768x576.jpg 768w, https:\/\/www.srpskbely.cz\/wp-content\/uploads\/2025\/05\/497438407_1249540077177747_3602095622813462025_n-1536x1152.jpg 1536w, https:\/\/www.srpskbely.cz\/wp-content\/uploads\/2025\/05\/497438407_1249540077177747_3602095622813462025_n.jpg 1600w\" sizes=\"(max-width: 512px) 100vw, 512px\" \/><\/figure>\n\n\n\n<figure class=\"wp-block-image size-large is-resized\"><img decoding=\"async\" loading=\"lazy\" src=\"https:\/\/www.srpskbely.cz\/wp-content\/uploads\/2025\/05\/493010254_1249540123844409_7584871376905083521_n-1024x768.jpg\" alt=\"\" class=\"wp-image-796\" width=\"512\" height=\"384\" srcset=\"https:\/\/www.srpskbely.cz\/wp-content\/uploads\/2025\/05\/493010254_1249540123844409_7584871376905083521_n-1024x768.jpg 1024w, https:\/\/www.srpskbely.cz\/wp-content\/uploads\/2025\/05\/493010254_1249540123844409_7584871376905083521_n-300x225.jpg 300w, https:\/\/www.srpskbely.cz\/wp-content\/uploads\/2025\/05\/493010254_1249540123844409_7584871376905083521_n-768x576.jpg 768w, https:\/\/www.srpskbely.cz\/wp-content\/uploads\/2025\/05\/493010254_1249540123844409_7584871376905083521_n-1536x1152.jpg 1536w, https:\/\/www.srpskbely.cz\/wp-content\/uploads\/2025\/05\/493010254_1249540123844409_7584871376905083521_n.jpg 1600w\" sizes=\"(max-width: 512px) 100vw, 512px\" \/><\/figure>\n\n\n\n<h2>Projekt SRP\u0160 &#8211; Dnes va\u0159\u00ed d\u011bti<\/h2>\n\n\n\n<p>V&nbsp;p\u00e1tek 28. 3. prob\u011bhla obl\u00edben\u00e1 <strong>Noc s&nbsp;Andersenem<\/strong>. Ve \u0161kole p\u0159esp\u00e1valo t\u00e9m\u011b\u0159 500 d\u011bt\u00ed, pro kter\u00e9 zam\u011bstnanci \u0161koln\u00ed kuchyn\u011b p\u0159ipravili v\u00fdbornou ve\u010de\u0159i a bohatou sn\u00eddani. Jako poka\u017ed\u00e9 kucha\u0159\u016fm pom\u00e1hali dobrovoln\u00edci z&nbsp;\u0159ad \u017e\u00e1k\u016f v&nbsp;r\u00e1mci projektu SRP\u0160 Dnes va\u0159\u00ed d\u011bti. Z\u00e1jem o mo\u017enost vyzkou\u0161et si pr\u00e1ci kucha\u0159\u016f a postavit se v j\u00eddeln\u011b na druhou stranu v\u00fddejn\u00edho pult\u00edku je ka\u017ed\u00fd rok vy\u0161\u0161\u00ed. Letos ji vyu\u017eilo dvacet \u0161ikovn\u00fdch \u017e\u00e1k\u016f. Zjistili, \u017ee je to pr\u00e1ce opravdu nam\u00e1hav\u00e1, ale radost, kdy\u017e vid\u00ed, jak str\u00e1vn\u00edk\u016fm chutn\u00e1, v\u0161e vynahrad\u00ed. V\u0161em moc d\u011bkujeme a v\u011b\u0159\u00edme, \u017ee se s&nbsp;n\u011bkter\u00fdmi z&nbsp;nich ve \u0161koln\u00ed j\u00eddeln\u011b setk\u00e1me zase p\u0159i p\u0159\u00ed\u0161t\u00ed Noci s&nbsp;Andersenem.<\/p>\n\n\n\n<figure class=\"wp-block-image size-large is-resized\"><img decoding=\"async\" loading=\"lazy\" src=\"https:\/\/www.srpskbely.cz\/wp-content\/uploads\/2025\/05\/IMG_2404-1024x768.jpeg\" alt=\"\" class=\"wp-image-777\" width=\"512\" height=\"384\" srcset=\"https:\/\/www.srpskbely.cz\/wp-content\/uploads\/2025\/05\/IMG_2404-1024x768.jpeg 1024w, https:\/\/www.srpskbely.cz\/wp-content\/uploads\/2025\/05\/IMG_2404-300x225.jpeg 300w, https:\/\/www.srpskbely.cz\/wp-content\/uploads\/2025\/05\/IMG_2404-768x576.jpeg 768w, https:\/\/www.srpskbely.cz\/wp-content\/uploads\/2025\/05\/IMG_2404-1536x1152.jpeg 1536w, https:\/\/www.srpskbely.cz\/wp-content\/uploads\/2025\/05\/IMG_2404.jpeg 2048w\" sizes=\"(max-width: 512px) 100vw, 512px\" \/><\/figure>\n\n\n\n<figure class=\"wp-block-image size-large is-resized\"><img decoding=\"async\" loading=\"lazy\" src=\"https:\/\/www.srpskbely.cz\/wp-content\/uploads\/2025\/05\/IMG_2417-1-1024x768.jpeg\" alt=\"\" class=\"wp-image-782\" width=\"512\" height=\"384\" srcset=\"https:\/\/www.srpskbely.cz\/wp-content\/uploads\/2025\/05\/IMG_2417-1-1024x768.jpeg 1024w, https:\/\/www.srpskbely.cz\/wp-content\/uploads\/2025\/05\/IMG_2417-1-300x225.jpeg 300w, https:\/\/www.srpskbely.cz\/wp-content\/uploads\/2025\/05\/IMG_2417-1-768x576.jpeg 768w, https:\/\/www.srpskbely.cz\/wp-content\/uploads\/2025\/05\/IMG_2417-1-1536x1152.jpeg 1536w, https:\/\/www.srpskbely.cz\/wp-content\/uploads\/2025\/05\/IMG_2417-1.jpeg 2048w\" sizes=\"(max-width: 512px) 100vw, 512px\" \/><\/figure>\n\n\n\n<figure class=\"wp-block-image size-large is-resized\"><img decoding=\"async\" loading=\"lazy\" src=\"https:\/\/www.srpskbely.cz\/wp-content\/uploads\/2025\/05\/IMG_2419-1-1024x768.jpeg\" alt=\"\" class=\"wp-image-783\" width=\"512\" height=\"384\" srcset=\"https:\/\/www.srpskbely.cz\/wp-content\/uploads\/2025\/05\/IMG_2419-1-1024x768.jpeg 1024w, https:\/\/www.srpskbely.cz\/wp-content\/uploads\/2025\/05\/IMG_2419-1-300x225.jpeg 300w, https:\/\/www.srpskbely.cz\/wp-content\/uploads\/2025\/05\/IMG_2419-1-768x576.jpeg 768w, https:\/\/www.srpskbely.cz\/wp-content\/uploads\/2025\/05\/IMG_2419-1-1536x1152.jpeg 1536w, https:\/\/www.srpskbely.cz\/wp-content\/uploads\/2025\/05\/IMG_2419-1.jpeg 2048w\" sizes=\"(max-width: 512px) 100vw, 512px\" \/><\/figure>\n\n\n\n<h2>Rodi\u010dovsk\u00e1 kav\u00e1rna na t\u00e9ma Wellbeing d\u011bt\u00ed<\/h2>\n\n\n\n<p>23.4. 2025 se uskute\u010dnila dal\u0161\u00ed rodi\u010dovsk\u00e1 kav\u00e1rna. Tentokr\u00e1t na t\u00e9ma Wellbeing d\u011bt\u00ed, tedy jak v\u00e9st d\u011bti ke zdrav\u011bj\u0161\u00edmu \u017eivotn\u00edmu stylu. Hlavn\u00edm hostem rodi\u010dovsk\u00e9 kav\u00e1rny byl Martin Mus\u00e1lek z Univerzity Karlovy. V\u011bd\u011bli jste, \u017ee 6-tilet\u00e9 d\u00edt\u011b bez probl\u00e9mu m\u016f\u017ee uj\u00edt 32 km za den? Diskutovali jsme, jak motivovat d\u011bti k pohybu, zejm\u00e9na p\u0159\u00edkladem, hrou nebo t\u0159eba i p\u0159ed\u00e1n\u00edm kompetenc\u00ed \u2013 nap\u0159. d\u00edt\u011b kompletn\u011b napl\u00e1nuje v\u00fdlet pro rodinu. Doporu\u010den\u00ed pana Mus\u00e1lka pro rodi\u010de je p\u0159evl\u00e9knout se do tepl\u00e1k\u016f a j\u00edt s d\u011btmi ven.<br>D\u00edt\u011b do 18 let pot\u0159ebuje 60 minut denn\u011b pohybu, p\u0159i kter\u00e9m se minim\u00e1ln\u011b zapot\u00ed. Toto je hranice stanoven\u00e1 WHO, aby se d\u00edt\u011b nedostalo do nemocn\u00e9ho stavu. V\u011bt\u0161in\u011b z n\u00e1s se v\u0161ak tento c\u00edl neda\u0159\u00ed.<br>Tuto rodi\u010dovskou kav\u00e1rnu zpest\u0159ila i ochutn\u00e1vka \u010do\u010dkov\u00e9ho kol\u00e1\u010de a l\u00edvanc\u016f z Tibi kef\u00edru s dom\u00e1c\u00edmi povidly bez cukru. Zejm\u00e9na sn\u00eddan\u011b m\u00e1 nezastupitelnou roli a tak\u00e9 b\u00edlkoviny, kter\u00e9 by m\u011bly b\u00fdt obsa\u017eeny v ka\u017ed\u00e9m j\u00eddle. Nezapom\u00ednejme, \u017ee j\u00edst je pot\u0159eba v klidu, soust\u0159ed\u011bn\u011b a bez mobil\u016f.<br>D\u016fle\u017eitou roli ve zdrav\u00ed m\u00e1 i kvalitn\u00ed sp\u00e1nek zejm\u00e9na s ohledem na uvol\u0148ov\u00e1n\u00ed r\u016fstov\u00e9ho hormonu a odlo\u017een\u00ed v\u0161ech obrazovek 1 hodinu p\u0159es span\u00edm.<br>Stru\u010dn\u00e9 shrnut\u00ed na z\u00e1v\u011br. Pro zdrav\u00ed d\u011bt\u00ed je nejd\u016fle\u017eit\u011bj\u0161\u00ed POHYB \u2013 STRAVA \u2013 SP\u00c1NEK.<br>D\u00edky moc pane Mus\u00e1lku za velmi p\u0159\u00edjemn\u00fd ve\u010der a skv\u011bl\u00e9 tipy.<br>Koordin\u00e1torka rodi\u010dovsk\u00fdch kav\u00e1ren za SRP\u0160 Mark\u00e9ta&nbsp;Cac\u00e1kov\u00e1<\/p>\n\n\n\n<figure class=\"wp-block-image size-large is-resized\"><img decoding=\"async\" loading=\"lazy\" src=\"https:\/\/www.srpskbely.cz\/wp-content\/uploads\/2025\/04\/Rodickovska_kavarna_-1024x768.jpg\" alt=\"\" class=\"wp-image-772\" width=\"512\" height=\"384\" srcset=\"https:\/\/www.srpskbely.cz\/wp-content\/uploads\/2025\/04\/Rodickovska_kavarna_-1024x768.jpg 1024w, https:\/\/www.srpskbely.cz\/wp-content\/uploads\/2025\/04\/Rodickovska_kavarna_-300x225.jpg 300w, https:\/\/www.srpskbely.cz\/wp-content\/uploads\/2025\/04\/Rodickovska_kavarna_-768x576.jpg 768w, https:\/\/www.srpskbely.cz\/wp-content\/uploads\/2025\/04\/Rodickovska_kavarna_-1536x1152.jpg 1536w, https:\/\/www.srpskbely.cz\/wp-content\/uploads\/2025\/04\/Rodickovska_kavarna_.jpg 1600w\" sizes=\"(max-width: 512px) 100vw, 512px\" \/><figcaption class=\"wp-element-caption\">Rodi\u010dovsk\u00e1 kav\u00e1rna<\/figcaption><\/figure>\n\n\n\n<figure class=\"wp-block-image size-large is-resized\"><img decoding=\"async\" loading=\"lazy\" src=\"https:\/\/www.srpskbely.cz\/wp-content\/uploads\/2025\/04\/Rodicovska_kavarna_4-1024x768.jpg\" alt=\"\" class=\"wp-image-770\" width=\"512\" height=\"384\" srcset=\"https:\/\/www.srpskbely.cz\/wp-content\/uploads\/2025\/04\/Rodicovska_kavarna_4-1024x768.jpg 1024w, https:\/\/www.srpskbely.cz\/wp-content\/uploads\/2025\/04\/Rodicovska_kavarna_4-300x225.jpg 300w, https:\/\/www.srpskbely.cz\/wp-content\/uploads\/2025\/04\/Rodicovska_kavarna_4-768x576.jpg 768w, https:\/\/www.srpskbely.cz\/wp-content\/uploads\/2025\/04\/Rodicovska_kavarna_4-1536x1152.jpg 1536w, https:\/\/www.srpskbely.cz\/wp-content\/uploads\/2025\/04\/Rodicovska_kavarna_4.jpg 1600w\" sizes=\"(max-width: 512px) 100vw, 512px\" \/><figcaption class=\"wp-element-caption\">Rodi\u010dovsk\u00e1 kav\u00e1rna<\/figcaption><\/figure>\n\n\n\n<h2>V\u00fdzva SRP\u0160 pro \u0161koln\u00ed parlament<\/h2>\n\n\n\n<p>Na sv\u00e9 posledn\u00ed sch\u016fzce \u010dlenov\u00e9 SRP\u0160 p\u0159ipravili pro \u017e\u00e1ky projektovou v\u00fdzvu. C\u00edlem bylo, aby \u017e\u00e1ci navrhli projekty, kter\u00e9 sami zrealizuj\u00ed. Sdru\u017een\u00ed poskytne na projekty \u010d\u00e1stku 20 tis\u00edc K\u010d. V\u00fdzva m\u011bla velk\u00fd ohlas a se\u0161lo se p\u0159es 20 projekt\u016f. T\u0159\u00eddy nejd\u0159\u00edve prezentovaly sv\u00e9 n\u00e1m\u011bty p\u0159ed z\u00e1stupci SRP\u0160, kte\u0159\u00ed poslali 5 projekt\u016f do fin\u00e1le. \u0160koln\u00ed parlament pak na mimo\u0159\u00e1dn\u00e9m zased\u00e1n\u00ed 27. b\u0159ezna vybral dva projekty, kter\u00e9 budou za pomoc\u00ed financ\u00ed SRP\u0160 realizov\u00e1ny. Vyhr\u00e1ly Ping-pongov\u00fd turnaj a Z\u0160 Albrechtick\u00e1 m\u00e1 talent. Projekt Ukli\u010fme Kbely obdr\u017eel divokou kartu a m\u011bl by b\u00fdt taky realizov\u00e1n. V\u00edce informac\u00ed o projektech naleznete na str\u00e1nk\u00e1ch \u0161koly: <a href=\"https:\/\/www.skola-kbely.cz\/zaci\/skolni-zakovsky-parlament\/zapisy-z-jednani-parlamentu\/projektova-vyzva-srps-vyhraly-dva-projekty-jeden-obdrzel-divokou-kartu.2213\" target=\"_blank\" rel=\"noreferrer noopener\">odkaz zde<\/a> <br><\/p>\n\n\n\n<figure class=\"wp-block-image size-full\"><img decoding=\"async\" loading=\"lazy\" width=\"644\" height=\"669\" src=\"https:\/\/www.srpskbely.cz\/wp-content\/uploads\/2025\/04\/srps_-_projektova_vyzva_pro_zaky.png\" alt=\"\" class=\"wp-image-748\" srcset=\"https:\/\/www.srpskbely.cz\/wp-content\/uploads\/2025\/04\/srps_-_projektova_vyzva_pro_zaky.png 644w, https:\/\/www.srpskbely.cz\/wp-content\/uploads\/2025\/04\/srps_-_projektova_vyzva_pro_zaky-289x300.png 289w\" sizes=\"(max-width: 644px) 100vw, 644px\" \/><\/figure>\n\n\n\n<figure class=\"wp-block-image size-large is-resized\"><img decoding=\"async\" loading=\"lazy\" src=\"https:\/\/www.srpskbely.cz\/wp-content\/uploads\/2025\/04\/Foto_vyzva-1024x577.jpg\" alt=\"\" class=\"wp-image-749\" width=\"512\" height=\"289\" srcset=\"https:\/\/www.srpskbely.cz\/wp-content\/uploads\/2025\/04\/Foto_vyzva-1024x577.jpg 1024w, https:\/\/www.srpskbely.cz\/wp-content\/uploads\/2025\/04\/Foto_vyzva-300x169.jpg 300w, https:\/\/www.srpskbely.cz\/wp-content\/uploads\/2025\/04\/Foto_vyzva-768x432.jpg 768w, https:\/\/www.srpskbely.cz\/wp-content\/uploads\/2025\/04\/Foto_vyzva-1536x865.jpg 1536w, https:\/\/www.srpskbely.cz\/wp-content\/uploads\/2025\/04\/Foto_vyzva-2048x1153.jpg 2048w\" sizes=\"(max-width: 512px) 100vw, 512px\" \/><\/figure>\n\n\n\n<figure class=\"wp-block-image size-large is-resized\"><img decoding=\"async\" loading=\"lazy\" src=\"https:\/\/www.srpskbely.cz\/wp-content\/uploads\/2025\/04\/20250320_154829-1-1024x577.jpg\" alt=\"\" class=\"wp-image-750\" width=\"512\" height=\"289\" srcset=\"https:\/\/www.srpskbely.cz\/wp-content\/uploads\/2025\/04\/20250320_154829-1-1024x577.jpg 1024w, https:\/\/www.srpskbely.cz\/wp-content\/uploads\/2025\/04\/20250320_154829-1-300x169.jpg 300w, https:\/\/www.srpskbely.cz\/wp-content\/uploads\/2025\/04\/20250320_154829-1-768x432.jpg 768w, https:\/\/www.srpskbely.cz\/wp-content\/uploads\/2025\/04\/20250320_154829-1-1536x865.jpg 1536w, https:\/\/www.srpskbely.cz\/wp-content\/uploads\/2025\/04\/20250320_154829-1-2048x1153.jpg 2048w\" sizes=\"(max-width: 512px) 100vw, 512px\" \/><\/figure>\n\n\n\n<h2>Kbelsk\u00fd psavec<br><\/h2>\n\n\n\n<p>Letos se bude konat ji\u017e IV. ro\u010dn\u00edk Kbelsk\u00e9ho psavce a SRP\u0160 je op\u011bt partnerem t\u00e9to sout\u011b\u017ee. V&nbsp;let\u00e1ku jsou uvedeny t\u00e9mata v\u0161ech kategori\u00ed, v\u010detn\u011b t\u00e9 pro dosp\u011bl\u00e1ky. Nov\u011b je za\u0159azena kategorie AI, tedy um\u011bl\u00e1 inteligence. T\u00e9to nov\u00e9 kategorie se mohou z\u00fa\u010dastnit \u017e\u00e1ci star\u0161\u00ed 13 let a pr\u00e1ce mohou b\u00fdt odevzd\u00e1ny napsan\u00e9 na PC. Ostatn\u00ed kategorie mohou b\u00fdt nov\u011b psan\u00e9 pouze rukou.&nbsp;Sout\u011b\u017e prob\u00edh\u00e1 od 1. b\u0159ezna do 30. dubna 2025.&nbsp;V\u00fdsledky budou vyhl\u00e1\u0161eny na \u010dervnov\u00e9 Zahradn\u00ed slavnosti.<br><\/p>\n\n\n\n<figure class=\"wp-block-image size-large is-resized\"><img decoding=\"async\" loading=\"lazy\" src=\"https:\/\/www.srpskbely.cz\/wp-content\/uploads\/2025\/04\/Kbelsky-psavec-1024x573.png\" alt=\"\" class=\"wp-image-747\" width=\"512\" height=\"287\" srcset=\"https:\/\/www.srpskbely.cz\/wp-content\/uploads\/2025\/04\/Kbelsky-psavec-1024x573.png 1024w, https:\/\/www.srpskbely.cz\/wp-content\/uploads\/2025\/04\/Kbelsky-psavec-300x168.png 300w, https:\/\/www.srpskbely.cz\/wp-content\/uploads\/2025\/04\/Kbelsky-psavec-768x430.png 768w, https:\/\/www.srpskbely.cz\/wp-content\/uploads\/2025\/04\/Kbelsky-psavec.png 1425w\" sizes=\"(max-width: 512px) 100vw, 512px\" \/><\/figure>\n\n\n\n<p><\/p>\n\n\n\n<h2>Schv\u00e1len\u00fd rozpo\u010det SRP\u0160 na rok 2025<\/h2>\n\n\n\n<p>V \u00fater\u00fd 4.2. 2025 prob\u011bhla sch\u016fzka \u010dlen\u016f SRP\u0160 spole\u010dn\u011b s t\u0159\u00eddn\u00edmi d\u016fv\u011brn\u00edky. Hlavn\u00edm bodem programu bylo probrat a schv\u00e1lit rozpo\u010det SRP\u0160 pro rok 2025. Schv\u00e1len\u00fd rozpo\u010det je p\u0159ilo\u017een. <\/p>\n\n\n\n<figure class=\"wp-block-image size-large is-resized\"><img decoding=\"async\" loading=\"lazy\" src=\"https:\/\/www.srpskbely.cz\/wp-content\/uploads\/2025\/02\/Fond-SRPS_2025_Aktuality-web.jpg\" alt=\"\" width=\"616\" height=\"871\"\/><\/figure>\n\n\n\n<p><\/p>\n\n\n\n<p class=\"has-vivid-red-color has-text-color has-medium-font-size\"><strong>RODI\u010cOVSK\u00c1 KAV\u00c1RNA: U\u010cEN\u00cd A PAM\u011a\u0164 PRAVOU HEMISF\u00c9ROU &#8211; 21. 11., 18.00<\/strong><\/p>\n\n\n\n<p>Tuto zaj\u00edmavou metodu u\u010den\u00ed s n\u00e1m p\u0159ijde probrat samotn\u00fd autor stejnojmenn\u00e9 knihy Petr Vladyka. Jak nebiflovat, ale opravdu se u\u010dit a \u0159ada dal\u0161\u00edch v\u00e1s \u010dek\u00e1 pr\u00e1v\u011b na t\u00e9to besed\u011b.<\/p>\n\n\n\n<figure class=\"wp-block-image size-full is-resized\"><img decoding=\"async\" loading=\"lazy\" src=\"https:\/\/www.srpskbely.cz\/wp-content\/uploads\/2024\/11\/RK_Pamet.jpg\" alt=\"\" class=\"wp-image-708\" width=\"558\" height=\"785\" srcset=\"https:\/\/www.srpskbely.cz\/wp-content\/uploads\/2024\/11\/RK_Pamet.jpg 577w, https:\/\/www.srpskbely.cz\/wp-content\/uploads\/2024\/11\/RK_Pamet-213x300.jpg 213w\" sizes=\"(max-width: 558px) 100vw, 558px\" \/><\/figure>\n\n\n\n<p>&#8212;&#8212;&#8212;&#8212;&#8212;&#8212;&#8212;&#8212;&#8212;&#8212;&#8212;&#8212;&#8212;&#8212;&#8212;&#8212;&#8212;&#8212;&#8212;&#8212;&#8212;&#8212;&#8212;&#8212;&#8212;&#8212;&#8212;&#8212;&#8212;&#8211;<\/p>\n\n\n\n<p class=\"has-vivid-red-color has-text-color\"><strong>Mal\u00e1 vzpom\u00ednka na rozlou\u010den\u00ed s minul\u00fdm \u0161koln\u00edm rokem<\/strong><\/p>\n\n\n\n<p><strong>V\u00c1\u017dKA<\/strong> byla talismanem leto\u0161n\u00ed Zahradn\u00ed slavnosti, proto\u017ee p\u0159edstavuje radost, \u0161t\u011bst\u00ed, symbolizuje nov\u00fd za\u010d\u00e1tek, u\u010d\u00ed p\u0159ijmout zm\u011bny a dod\u00e1v\u00e1 s\u00edlu. K oslav\u00e1m konce \u0161koln\u00edho roku a lou\u010den\u00ed se s dev\u00e1\u0165\u00e1ky, kte\u0159\u00ed vstupuj\u00ed do nov\u00e9 \u017eivotn\u00ed etapy, ne\u0161lo naj\u00edt p\u0159\u00edhodn\u011bj\u0161\u00ed talisman.<\/p>\n\n\n\n<figure class=\"wp-block-image size-large is-resized is-style-rounded\"><img decoding=\"async\" loading=\"lazy\" src=\"https:\/\/www.srpskbely.cz\/wp-content\/uploads\/2024\/06\/544A5284-1024x683.jpg\" alt=\"\" class=\"wp-image-658\" width=\"313\" height=\"209\" srcset=\"https:\/\/www.srpskbely.cz\/wp-content\/uploads\/2024\/06\/544A5284-1024x683.jpg 1024w, https:\/\/www.srpskbely.cz\/wp-content\/uploads\/2024\/06\/544A5284-300x200.jpg 300w, https:\/\/www.srpskbely.cz\/wp-content\/uploads\/2024\/06\/544A5284-768x512.jpg 768w, https:\/\/www.srpskbely.cz\/wp-content\/uploads\/2024\/06\/544A5284-1536x1024.jpg 1536w, https:\/\/www.srpskbely.cz\/wp-content\/uploads\/2024\/06\/544A5284-2048x1365.jpg 2048w\" sizes=\"(max-width: 313px) 100vw, 313px\" \/><\/figure>\n\n\n\n<p class=\"has-vivid-red-color has-text-color has-medium-font-size\"><strong>PROFES\u00cdM POD POKLI\u010cKU &#8211; pr\u016fb\u011b\u017en\u011b <\/strong><\/p>\n\n\n\n<p>V r\u00e1mci projektu nav\u0161t\u011bvuj\u00ed \u017e\u00e1ky osm\u00fdch t\u0159\u00edd rodi\u010de zast\u00e1vaj\u00edc\u00ed r\u016fzn\u00e9 profese a prob\u00edraj\u00ed s nimi, co jejich pr\u00e1ce obn\u00e1\u0161\u00ed, jak se k n\u00ed dostali, co je inspirovalo a jak prob\u00edhalo jejich rozhodov\u00e1n\u00ed a uva\u017eov\u00e1n\u00ed o \u0161kole, kdy\u017e byli ve v\u011bku pr\u00e1v\u011b osm\u00e1k\u016f.<\/p>\n\n\n\n<p><strong>Projekty pro rok 2024<\/strong><\/p>\n\n\n\n<figure class=\"wp-block-image size-full is-resized\"><img decoding=\"async\" loading=\"lazy\" src=\"https:\/\/www.srpskbely.cz\/wp-content\/uploads\/2024\/01\/Fond_2024.jpg\" alt=\"\" class=\"wp-image-566\" width=\"385\" height=\"772\" srcset=\"https:\/\/www.srpskbely.cz\/wp-content\/uploads\/2024\/01\/Fond_2024.jpg 326w, https:\/\/www.srpskbely.cz\/wp-content\/uploads\/2024\/01\/Fond_2024-150x300.jpg 150w\" sizes=\"(max-width: 385px) 100vw, 385px\" \/><\/figure>\n\n\n\n<p class=\"has-medium-font-size\"><strong>Podrobnosti o na\u0161ich akc\u00edch a projektech v\u010detn\u011b fotek a dal\u0161\u00edch pl\u00e1n\u016f najdete v sekci PROJEKTY<\/strong><\/p>\n\n\n\n<p><\/p>\n\n\n\n<p class=\"has-vivid-red-color has-text-color has-medium-font-size\"><strong>Nahl\u00e9dnut\u00ed do leto\u0161n\u00ed ve\u0159ejn\u00e9 sch\u016fze SRP\u0160. Z\u00e1pis z n\u00ed najdete v sekci DOKUMEMTY<\/strong><\/p>\n\n\n\n<figure class=\"is-layout-flex wp-block-gallery-1 wp-block-gallery has-nested-images columns-default is-cropped\">\n<figure class=\"wp-block-image size-large\"><img decoding=\"async\" loading=\"lazy\" width=\"1024\" height=\"768\" data-id=\"524\"  src=\"https:\/\/www.srpskbely.cz\/wp-content\/uploads\/2023\/10\/thumbnail_IMG_1078-1024x768.jpg\" alt=\"\" class=\"wp-image-524\" srcset=\"https:\/\/www.srpskbely.cz\/wp-content\/uploads\/2023\/10\/thumbnail_IMG_1078-1024x768.jpg 1024w, https:\/\/www.srpskbely.cz\/wp-content\/uploads\/2023\/10\/thumbnail_IMG_1078-300x225.jpg 300w, https:\/\/www.srpskbely.cz\/wp-content\/uploads\/2023\/10\/thumbnail_IMG_1078-768x576.jpg 768w, https:\/\/www.srpskbely.cz\/wp-content\/uploads\/2023\/10\/thumbnail_IMG_1078-1536x1152.jpg 1536w, https:\/\/www.srpskbely.cz\/wp-content\/uploads\/2023\/10\/thumbnail_IMG_1078.jpg 1920w\" sizes=\"(max-width: 1024px) 100vw, 1024px\" \/><\/figure>\n\n\n\n<figure class=\"wp-block-image size-large\"><img decoding=\"async\" loading=\"lazy\" width=\"1024\" height=\"768\" data-id=\"522\"  src=\"https:\/\/www.srpskbely.cz\/wp-content\/uploads\/2023\/10\/thumbnail_IMG_1076-1024x768.jpg\" alt=\"\" class=\"wp-image-522\" srcset=\"https:\/\/www.srpskbely.cz\/wp-content\/uploads\/2023\/10\/thumbnail_IMG_1076-1024x768.jpg 1024w, https:\/\/www.srpskbely.cz\/wp-content\/uploads\/2023\/10\/thumbnail_IMG_1076-300x225.jpg 300w, https:\/\/www.srpskbely.cz\/wp-content\/uploads\/2023\/10\/thumbnail_IMG_1076-768x576.jpg 768w, https:\/\/www.srpskbely.cz\/wp-content\/uploads\/2023\/10\/thumbnail_IMG_1076-1536x1152.jpg 1536w, https:\/\/www.srpskbely.cz\/wp-content\/uploads\/2023\/10\/thumbnail_IMG_1076.jpg 1920w\" sizes=\"(max-width: 1024px) 100vw, 1024px\" \/><\/figure>\n\n\n\n<figure class=\"wp-block-image size-large\"><img decoding=\"async\" loading=\"lazy\" width=\"1024\" height=\"873\" data-id=\"520\"  src=\"https:\/\/www.srpskbely.cz\/wp-content\/uploads\/2023\/10\/thumbnail_IMG_1074-1024x873.jpg\" alt=\"\" class=\"wp-image-520\" srcset=\"https:\/\/www.srpskbely.cz\/wp-content\/uploads\/2023\/10\/thumbnail_IMG_1074-1024x873.jpg 1024w, https:\/\/www.srpskbely.cz\/wp-content\/uploads\/2023\/10\/thumbnail_IMG_1074-300x256.jpg 300w, https:\/\/www.srpskbely.cz\/wp-content\/uploads\/2023\/10\/thumbnail_IMG_1074-768x654.jpg 768w, https:\/\/www.srpskbely.cz\/wp-content\/uploads\/2023\/10\/thumbnail_IMG_1074-1536x1309.jpg 1536w, https:\/\/www.srpskbely.cz\/wp-content\/uploads\/2023\/10\/thumbnail_IMG_1074.jpg 1920w\" sizes=\"(max-width: 1024px) 100vw, 1024px\" \/><\/figure>\n\n\n\n<figure class=\"wp-block-image size-large\"><img decoding=\"async\" loading=\"lazy\" width=\"1024\" height=\"828\" data-id=\"523\"  src=\"https:\/\/www.srpskbely.cz\/wp-content\/uploads\/2023\/10\/thumbnail_IMG_1073-1024x828.jpg\" alt=\"\" class=\"wp-image-523\" srcset=\"https:\/\/www.srpskbely.cz\/wp-content\/uploads\/2023\/10\/thumbnail_IMG_1073-1024x828.jpg 1024w, https:\/\/www.srpskbely.cz\/wp-content\/uploads\/2023\/10\/thumbnail_IMG_1073-300x243.jpg 300w, https:\/\/www.srpskbely.cz\/wp-content\/uploads\/2023\/10\/thumbnail_IMG_1073-768x621.jpg 768w, https:\/\/www.srpskbely.cz\/wp-content\/uploads\/2023\/10\/thumbnail_IMG_1073-1536x1242.jpg 1536w, https:\/\/www.srpskbely.cz\/wp-content\/uploads\/2023\/10\/thumbnail_IMG_1073.jpg 1920w\" sizes=\"(max-width: 1024px) 100vw, 1024px\" \/><\/figure>\n\n\n\n<figure class=\"wp-block-image size-large\"><img decoding=\"async\" loading=\"lazy\" width=\"1024\" height=\"810\" data-id=\"521\"  src=\"https:\/\/www.srpskbely.cz\/wp-content\/uploads\/2023\/10\/thumbnail_IMG_1071-1024x810.jpg\" alt=\"\" class=\"wp-image-521\" srcset=\"https:\/\/www.srpskbely.cz\/wp-content\/uploads\/2023\/10\/thumbnail_IMG_1071-1024x810.jpg 1024w, https:\/\/www.srpskbely.cz\/wp-content\/uploads\/2023\/10\/thumbnail_IMG_1071-300x237.jpg 300w, https:\/\/www.srpskbely.cz\/wp-content\/uploads\/2023\/10\/thumbnail_IMG_1071-768x608.jpg 768w, https:\/\/www.srpskbely.cz\/wp-content\/uploads\/2023\/10\/thumbnail_IMG_1071-1536x1215.jpg 1536w, https:\/\/www.srpskbely.cz\/wp-content\/uploads\/2023\/10\/thumbnail_IMG_1071.jpg 1920w\" sizes=\"(max-width: 1024px) 100vw, 1024px\" \/><\/figure>\n<\/figure>\n\n\n\n<h2><\/h2>\n","protected":false},"excerpt":{"rendered":"<p>Pozv\u00e1nka na dal\u0161\u00ed rodi\u010dovskou kav\u00e1rnu na t\u00e9ma Va\u0161e d\u00edt\u011b na internetu: Jste je\u0161t\u011b rodi\u010dem, nebo u\u017e jen div\u00e1kem? Rodi\u010dovsk\u00e1 kav\u00e1rna na t\u00e9ma Kluci jsou z Marsu, holky z Venu\u0161e &#8230; u\u017e od \u0161kolky Koncem ledna prob\u011bhlo dal\u0161\u00ed setk\u00e1n\u00ed, tentokr\u00e1t s Mari\u00ed Macounovou a Luci\u00ed Smol\u00edkovou z Rodinn\u00e9ho centra Praha na t\u00e9ma \u201eKluci jsou z Marsu, [&hellip;]<\/p>\n","protected":false},"author":1,"featured_media":0,"parent":0,"menu_order":0,"comment_status":"closed","ping_status":"closed","template":"","meta":[],"_links":{"self":[{"href":"https:\/\/www.srpskbely.cz\/index.php?rest_route=\/wp\/v2\/pages\/506"}],"collection":[{"href":"https:\/\/www.srpskbely.cz\/index.php?rest_route=\/wp\/v2\/pages"}],"about":[{"href":"https:\/\/www.srpskbely.cz\/index.php?rest_route=\/wp\/v2\/types\/page"}],"author":[{"embeddable":true,"href":"https:\/\/www.srpskbely.cz\/index.php?rest_route=\/wp\/v2\/users\/1"}],"replies":[{"embeddable":true,"href":"https:\/\/www.srpskbely.cz\/index.php?rest_route=%2Fwp%2Fv2%2Fcomments&post=506"}],"version-history":[{"count":6,"href":"https:\/\/www.srpskbely.cz\/index.php?rest_route=\/wp\/v2\/pages\/506\/revisions"}],"predecessor-version":[{"id":891,"href":"https:\/\/www.srpskbely.cz\/index.php?rest_route=\/wp\/v2\/pages\/506\/revisions\/891"}],"wp:attachment":[{"href":"https:\/\/www.srpskbely.cz\/index.php?rest_route=%2Fwp%2Fv2%2Fmedia&parent=506"}],"curies":[{"name":"wp","href":"https:\/\/api.w.org\/{rel}","templated":true}]}}